{"id":5474,"date":"2022-09-22T09:21:11","date_gmt":"2022-09-22T09:21:11","guid":{"rendered":"https:\/\/www.folkecenter.net\/?page_id=5474"},"modified":"2024-10-31T15:18:22","modified_gmt":"2024-10-31T13:18:22","slug":"selnee-3","status":"publish","type":"page","link":"https:\/\/www.folkecenter.net\/da\/selnee-3\/","title":{"rendered":"Civil Society for Sustainable Energy \u2013 Local to National in Eastern Europe (SELNEE)"},"content":{"rendered":"<h1 class=\"wp-block-heading\">Civil Society for Sustainable Energy \u2013 Local to National in Eastern Europe (SELNEE)<\/h1>\n\n\n\n<div style=\"height:10px\" aria-hidden=\"true\" class=\"wp-block-spacer\"><\/div>\n\n\n\n<div class=\"wp-block-media-text is-stacked-on-mobile\"><figure class=\"wp-block-media-text__media\"><img loading=\"lazy\" decoding=\"async\" width=\"700\" height=\"450\" src=\"https:\/\/www.folkecenter.net\/wp-content\/uploads\/2022\/05\/SELNEE.png\" alt=\"SELNEE project\" class=\"wp-image-1605 size-full\" srcset=\"https:\/\/www.folkecenter.net\/wp-content\/uploads\/2022\/05\/SELNEE.png 700w, https:\/\/www.folkecenter.net\/wp-content\/uploads\/2022\/05\/SELNEE-300x193.png 300w, https:\/\/www.folkecenter.net\/wp-content\/uploads\/2022\/05\/SELNEE-18x12.png 18w\" sizes=\"auto, (max-width: 700px) 100vw, 700px\" \/><\/figure><div class=\"wp-block-media-text__content\">\n<h2 class=\"wp-block-heading\"><strong>PROJEKTDETALJER<\/strong><\/h2>\n\n\n\n<figure class=\"wp-block-table is-style-stripes\" style=\"font-size:16px\"><table><tbody><tr><td><strong>Partnere:<\/strong><\/td><td>Nordisk Folkecenter for Vedvarende Energi, Danmark<br>INFORSE Europa, Danmark<br>Agenturet for Vedvarende Energi, Ukraine<br>Center for Milj\u00f8l\u00f8sninger, Hviderusland<\/td><\/tr><tr><td><strong>Periode<\/strong><\/td><td>2020-2022<\/td><\/tr><tr><td><strong>Lande:<\/strong><\/td><td>Danmark, Hviderusland, Ukraine<\/td><\/tr><tr><td><strong>Projekttype:<\/strong><\/td><td>Kapacitetsopbygning<\/td><\/tr><tr><td><strong>Finansiering:<\/strong><\/td><td>CISU \u2013 Civil Society in Development<\/td><\/tr><\/tbody><\/table><\/figure>\n<\/div><\/div>\n\n\n\n<div style=\"height:50px\" aria-hidden=\"true\" class=\"wp-block-spacer\"><\/div>\n\n\n\n<h2 class=\"wp-block-heading has-text-align-center\"><strong>PROJEKTNYHEDER<\/strong><\/h2>\n\n\n\n<div class=\"wp-block-uagb-tabs uagb-block-e14a35bd uagb-tabs__wrap uagb-tabs__vstyle9-desktop uagb-tabs__vstyle6-tablet uagb-tabs__vstyle6-mobile\" data-tab-active=\"0\"><ul class=\"uagb-tabs__panel uagb-tabs__align-left\" role=\"tablist\"><li class=\"uagb-tab uagb-tabs__active\" role=\"none\"><a href=\"#uagb-tabs__tab0\" class=\"uagb-tabs-list uagb-tabs__icon-position-left\" data-tab=\"0\" role=\"tab\"><div>Webinar: Renewable Energy and Energy Efficiency in Ukraine: <\/div><\/a><\/li><li class=\"uagb-tab\" role=\"none\"><a href=\"#uagb-tabs__tab1\" class=\"uagb-tabs-list uagb-tabs__icon-position-left\" data-tab=\"1\" role=\"tab\"><div>Webinar, vedvarende energi i fjernvarme i Ukraine<\/div><\/a><\/li><li class=\"uagb-tab\" role=\"none\"><a href=\"#uagb-tabs__tab2\" class=\"uagb-tabs-list uagb-tabs__icon-position-left\" data-tab=\"2\" role=\"tab\"><div>Opdatering af uddannelsesplatformen kaldet DIERET (Distance Education on Renewable Energy Technology) og overs\u00e6ttelse til ukrainsk.<\/div><\/a><\/li><li class=\"uagb-tab\" role=\"none\"><a href=\"#uagb-tabs__tab3\" class=\"uagb-tabs-list uagb-tabs__icon-position-left\" data-tab=\"3\" role=\"tab\"><div>Fjernvarme med vedvarende energiressourcebibliotek (DHRL)<\/div><\/a><\/li><li class=\"uagb-tab\" role=\"none\"><a href=\"#uagb-tabs__tab4\" class=\"uagb-tabs-list uagb-tabs__icon-position-left\" data-tab=\"4\" role=\"tab\"><div>Pr\u00e6sentation af resultater<br>Oktober 2021<\/div><\/a><\/li><li class=\"uagb-tab\" role=\"none\"><a href=\"#uagb-tabs__tab5\" class=\"uagb-tabs-list uagb-tabs__icon-position-left\" data-tab=\"5\" role=\"tab\"><div>Udgivelse af rapport<br>Oktober 2021<\/div><\/a><\/li><li class=\"uagb-tab\" role=\"none\"><a href=\"#uagb-tabs__tab6\" class=\"uagb-tabs-list uagb-tabs__icon-position-left\" data-tab=\"6\" role=\"tab\"><div>Kataloget Local Solutions\u00a0<br>August 2021<\/div><\/a><\/li><li class=\"uagb-tab\" role=\"none\"><a href=\"#uagb-tabs__tab7\" class=\"uagb-tabs-list uagb-tabs__icon-position-left\" data-tab=\"7\" role=\"tab\"><div>European Sustainable Energy NGO Seminar<br>August 2021<\/div><\/a><\/li><li class=\"uagb-tab\" role=\"none\"><a href=\"#uagb-tabs__tab8\" class=\"uagb-tabs-list uagb-tabs__icon-position-left\" data-tab=\"8\" role=\"tab\"><div>Gennemgang af Climate Action and Transition to Sustainable Energy<br>April 2021<\/div><\/a><\/li><li class=\"uagb-tab\" role=\"none\"><a href=\"#uagb-tabs__tab9\" class=\"uagb-tabs-list uagb-tabs__icon-position-left\" data-tab=\"9\" role=\"tab\"><div>Online seminar: SECEPs i Hviderusland<br>Januar 2021<\/div><\/a><\/li><li class=\"uagb-tab\" role=\"none\"><a href=\"#uagb-tabs__tab10\" class=\"uagb-tabs-list uagb-tabs__icon-position-left\" data-tab=\"10\" role=\"tab\"><div>Gennemgang af Climate Action and Transition to Sustainable Energy<br>November 2020<\/div><\/a><\/li><\/ul><div class=\"uagb-tabs__body-wrap\">\n<div class=\"wp-block-uagb-tabs-child uagb-tabs__body-container uagb-inner-tab-0\" aria-labelledby=\"uagb-tabs__tab0\">\n<h2 class=\"wp-block-heading\">Webinar: Vedvarende energi og energieffektivitet i Ukraine<\/h2>\n\n\n\n<h4 class=\"wp-block-heading\"><strong>Simple l\u00f8sninger for energibesparelser, gratis online kursus i Vedvarende energi, og simpel instalation af varmepumpe i et hus. (webinaret er p\u00e5 engelsk)<\/strong><\/h4>\n\n\n<div class=\"wp-block-image\">\n<figure class=\"aligncenter size-full\"><img loading=\"lazy\" decoding=\"async\" width=\"362\" height=\"407\" src=\"https:\/\/www.folkecenter.net\/wp-content\/uploads\/2023\/03\/Selnee-last-event.png\" alt=\"Selnee - 31.03.2023\" class=\"wp-image-7237\" srcset=\"https:\/\/www.folkecenter.net\/wp-content\/uploads\/2023\/03\/Selnee-last-event.png 362w, https:\/\/www.folkecenter.net\/wp-content\/uploads\/2023\/03\/Selnee-last-event-267x300.png 267w, https:\/\/www.folkecenter.net\/wp-content\/uploads\/2023\/03\/Selnee-last-event-11x12.png 11w\" sizes=\"auto, (max-width: 362px) 100vw, 362px\" \/><\/figure><\/div>\n\n\n<p class=\"has-text-align-center\"><strong>31 March, 2023, 11:00-12:30 (EET) &#8211; 10.00-11.30 (CET)<\/strong><strong><\/strong><\/p>\n\n\n\n<p>&#8211; Catalogue: Simple solutions for energy saving, and use renewables<br>&#8211; Free online course on renewable energy (DIERET updated and translated to Ukrainian)<br>&#8211; Feasibility study of installing a heat pump in a house.<br><br>Hent <a href=\"https:\/\/www.inforse.org\/europe\/pdfs\/SELNEE_webinar_Ukraine_RE_Program_DIERET_31032023_EN.pdf\">Program (in English)<\/a>, og <a href=\"https:\/\/www.inforse.org\/europe\/pdfs\/SELNEE_webinar_Ukraine_RE_Program_DIERET_31032023_UA.pdf\">p\u00e5 ukrainsk<\/a><br><br>Read Proceedings at REA&#8217;s website<strong>:<br><\/strong><a href=\"https:\/\/rea.org.ua\/en\/news\/929\/\" target=\"_blank\" rel=\"noreferrer noopener\">rea.org.ua\/en\/news\/929\/<\/a>(Eng.)<a href=\"https:\/\/rea.org.ua\/news\/929\/\" target=\"_blank\" rel=\"noreferrer noopener\">rea.org.ua\/news\/929\/<\/a> (Ukr.)Catalogue: Local Solutions What You Can Do:<br><a href=\"https:\/\/selnee.rea.org.ua\/en\/\">selnee.rea.org.ua\/en\/<\/a> (Eng.) <a href=\"https:\/\/selnee.rea.org.ua\/uk\/\">selnee.rea.org.ua\/uk\/<\/a> (Ukr.)<br><br>DIERET Education: <a href=\"https:\/\/dieret.rea.org.ua\/uk\/\" target=\"_blank\" rel=\"noreferrer noopener\">dieret.rea.org.ua\/uk\/<\/a> (Ukrainian &amp; English)<\/p>\n<\/div>\n\n\n\n<div class=\"wp-block-uagb-tabs-child uagb-tabs__body-container uagb-inner-tab-1\" aria-labelledby=\"uagb-tabs__tab1\">\n<h2 class=\"wp-block-heading\"><strong>Webinar, vedvarende energi i fjernvarme i Ukraine<\/strong><\/h2>\n\n\n\n<p><strong>16 March, 2023 14.00 (Ukr. time) 13 (CET) &#8211; (UA\/EN interpretation)<\/strong><\/p>\n\n\n\n<figure class=\"wp-block-image size-full is-resized\"><img loading=\"lazy\" decoding=\"async\" width=\"567\" height=\"346\" src=\"https:\/\/www.folkecenter.net\/wp-content\/uploads\/2023\/08\/SELNEE_webinar_Ukraine_Renewables_Didtrictheating_2023_March_16_UA_EN.jpg\" alt=\"Renewable Energy for District Heating in Ukraine\" class=\"wp-image-7858\" style=\"width:558px;height:340px\" srcset=\"https:\/\/www.folkecenter.net\/wp-content\/uploads\/2023\/08\/SELNEE_webinar_Ukraine_Renewables_Didtrictheating_2023_March_16_UA_EN.jpg 567w, https:\/\/www.folkecenter.net\/wp-content\/uploads\/2023\/08\/SELNEE_webinar_Ukraine_Renewables_Didtrictheating_2023_March_16_UA_EN-300x183.jpg 300w, https:\/\/www.folkecenter.net\/wp-content\/uploads\/2023\/08\/SELNEE_webinar_Ukraine_Renewables_Didtrictheating_2023_March_16_UA_EN-18x12.jpg 18w\" sizes=\"auto, (max-width: 567px) 100vw, 567px\" \/><\/figure>\n\n\n\n<p>Fjernvarme med vedvarende energiressourcebibliotek (DHRL);<br>Planl\u00e6gningsv\u00e6rkt\u00f8jer til kommuner; Forunders\u00f8gelse for en kommune<br>Hent <a href=\"https:\/\/www.inforse.org\/europe\/pdfs\/SELNEE_webinar_Ukraine_program_RE_districtheating_16032023_EN.pdf\">Program (Engelsk)<\/a>, og <a href=\"https:\/\/www.inforse.org\/europe\/pdfs\/SELNEE_webinar_Ukraine_program_RE_districtheating_16032023_UA.pdf\">p\u00e5 ukrainsk<\/a><br><br>L\u00e6s Proceedings p\u00e5 REAs hjemmeside:<br>in<a href=\"https:\/\/rea.org.ua\/news\/905\/\" target=\"_blank\" rel=\"noreferrer noopener\"> ukrainsk: rea.org.ua\/news\/905<\/a> og p\u00e5 <a href=\"https:\/\/rea.org.ua\/en\/news\/905\/\" target=\"_blank\" rel=\"noreferrer noopener\">Engelsk: rea.org.ua\/en\/news\/905<\/a><br><br>Fjernvarme med vedvarende energiressourcebibliotek (DHRL):<br>P\u00e5 Engelsk: <a href=\"https:\/\/dhrl.rea.org.ua\/en\" target=\"_blank\" rel=\"noreferrer noopener\">dhrl.rea.org.ua\/en<\/a> P\u00e5 ukrainsk <a href=\"https:\/\/dhrl.rea.org.ua\/uk\/\" target=\"_blank\" rel=\"noreferrer noopener\">dhrl.rea.org.ua\/uk<\/a><\/p>\n<\/div>\n\n\n\n<div class=\"wp-block-uagb-tabs-child uagb-tabs__body-container uagb-inner-tab-2\" aria-labelledby=\"uagb-tabs__tab2\">\n<h2 class=\"wp-block-heading\"><strong>Opdatering af uddannelsesplatformen kaldet DIERET (Distance Education on Renewable Energy Technology) og overs\u00e6ttelse til ukrainsk.<\/strong><\/h2>\n\n\n\n<p>2022 &#8211; March 2023<\/p>\n\n\n<div class=\"wp-block-image\">\n<figure class=\"aligncenter size-full\"><img loading=\"lazy\" decoding=\"async\" width=\"295\" height=\"235\" src=\"https:\/\/www.folkecenter.net\/wp-content\/uploads\/2023\/08\/DIERET_English.png\" alt=\"\" class=\"wp-image-7856\" srcset=\"https:\/\/www.folkecenter.net\/wp-content\/uploads\/2023\/08\/DIERET_English.png 295w, https:\/\/www.folkecenter.net\/wp-content\/uploads\/2023\/08\/DIERET_English-15x12.png 15w\" sizes=\"auto, (max-width: 295px) 100vw, 295px\" \/><\/figure><\/div>\n\n\n<p><\/p>\n\n\n\n<p>Den originale engelske version udviklet frem til 2010 er tilg\u00e6ngelig p\u00e5 <a href=\"https:\/\/www.inforse.org\/europe\/dieret\/\">INFORSE-Europes DIERET hjemmesiden<\/a>.<br>Den nye ukrainske udgave p\u00e5: <a rel=\"noreferrer noopener\" href=\"https:\/\/dieret.rea.org.ua\/uk\/\" target=\"_blank\">dieret.rea.org.ua\/uk.<\/a><\/p>\n<\/div>\n\n\n\n<div class=\"wp-block-uagb-tabs-child uagb-tabs__body-container uagb-inner-tab-3\" aria-labelledby=\"uagb-tabs__tab3\">\n<h2 class=\"wp-block-heading\"><strong>Fjernvarme med vedvarende energiressourcebibliotek (DHRL)<\/strong><\/h2>\n\n\n\n<p>2022 &#8211; March 2023<\/p>\n\n\n\n<figure class=\"wp-block-image size-full\"><img loading=\"lazy\" decoding=\"async\" width=\"567\" height=\"309\" src=\"https:\/\/www.folkecenter.net\/wp-content\/uploads\/2023\/08\/SELNEE_DHRL_DistrictHeating_ResourceLibrary_UA_EN.png\" alt=\"District Heating with Renewable Energy - resource library\" class=\"wp-image-7857\" srcset=\"https:\/\/www.folkecenter.net\/wp-content\/uploads\/2023\/08\/SELNEE_DHRL_DistrictHeating_ResourceLibrary_UA_EN.png 567w, https:\/\/www.folkecenter.net\/wp-content\/uploads\/2023\/08\/SELNEE_DHRL_DistrictHeating_ResourceLibrary_UA_EN-300x163.png 300w, https:\/\/www.folkecenter.net\/wp-content\/uploads\/2023\/08\/SELNEE_DHRL_DistrictHeating_ResourceLibrary_UA_EN-18x10.png 18w\" sizes=\"auto, (max-width: 567px) 100vw, 567px\" \/><\/figure>\n\n\n\n<div style=\"height:15px\" aria-hidden=\"true\" class=\"wp-block-spacer\"><\/div>\n\n\n\n<p><strong>\u2013 DHRL p\u00e5 Engelsk: <a rel=\"noreferrer noopener\" href=\"https:\/\/dhrl.rea.org.ua\/en\" target=\"_blank\">dhrl.rea.org.ua\/en<\/a><br>\u2013 DHRL p\u00e5 ukrainsk: <a rel=\"noreferrer noopener\" href=\"https:\/\/dhrl.rea.org.ua\/uk\/\" target=\"_blank\">dhrl.rea.org.ua\/uk<\/a><\/strong><\/p>\n<\/div>\n\n\n\n<div class=\"wp-block-uagb-tabs-child uagb-tabs__body-container uagb-inner-tab-4\" aria-labelledby=\"uagb-tabs__tab4\">\n<div class=\"wp-block-group alignfull has-white-background-color has-background\"><div class=\"wp-block-group__inner-container is-layout-flow wp-block-group-is-layout-flow\">\n<div class=\"wp-block-columns alignwide is-layout-flex wp-container-core-columns-is-layout-9d6595d7 wp-block-columns-is-layout-flex\">\n<div class=\"wp-block-column is-layout-flow wp-block-column-is-layout-flow\">\n<h6 class=\"wp-block-heading has-text-color\" id=\"ecosystem\" style=\"color:#000000\"><strong>27.-29. oktober 2021<\/strong><\/h6>\n\n\n\n<h4 class=\"wp-block-heading has-text-color\" style=\"color:#000000;font-size:2vw\">Resultaterne af SELNEE-projektet pr\u00e6senteres p\u00e5 AgroEnergyDay 2021<\/h4>\n\n\n\n<figure class=\"wp-block-image size-large is-resized\"><a href=\"https:\/\/selnee.rea.org.ua\/uk\/\" target=\"_blank\" rel=\"noreferrer noopener\"><img loading=\"lazy\" decoding=\"async\" width=\"1024\" height=\"391\" src=\"https:\/\/www.folkecenter.net\/wp-content\/uploads\/2022\/09\/SELNEE_Catalogue-ss-1024x391.jpg\" alt=\"SELNEE_catalougue\" class=\"wp-image-5489\" style=\"width:1024px;height:391px\" srcset=\"https:\/\/www.folkecenter.net\/wp-content\/uploads\/2022\/09\/SELNEE_Catalogue-ss-1024x391.jpg 1024w, https:\/\/www.folkecenter.net\/wp-content\/uploads\/2022\/09\/SELNEE_Catalogue-ss-300x114.jpg 300w, https:\/\/www.folkecenter.net\/wp-content\/uploads\/2022\/09\/SELNEE_Catalogue-ss-768x293.jpg 768w, https:\/\/www.folkecenter.net\/wp-content\/uploads\/2022\/09\/SELNEE_Catalogue-ss-18x7.jpg 18w, https:\/\/www.folkecenter.net\/wp-content\/uploads\/2022\/09\/SELNEE_Catalogue-ss.jpg 1292w\" sizes=\"auto, (max-width: 1024px) 100vw, 1024px\" \/><\/a><\/figure>\n<\/div>\n<\/div>\n\n\n\n<p>Se mere p\u00e5 REAs hjemmeside:&nbsp;<a href=\"https:\/\/rea.org.ua\/en\/news\/853\/\" target=\"_blank\" rel=\"noreferrer noopener\">https:\/\/rea.org.ua\/en\/news\/853\/<\/a><\/p>\n\n\n\n<h6 class=\"wp-block-heading\"><em>Hvad kan du g\u00f8re?<br>- for at spare energi &amp; varme &amp; - for at bruge vedvarende energi<\/em><\/h6>\n\n\n\n<p>Katalog p\u00e5 engelsk:&nbsp;<a href=\"https:\/\/selnee.rea.org.ua\/en\/\" target=\"_blank\" rel=\"noreferrer noopener\">https:\/\/selnee.rea.org.ua\/en\/<\/a><br>Katalog p\u00e5 ukrainsk:&nbsp;<a href=\"https:\/\/selnee.rea.org.ua\/uk\/\" target=\"_blank\" rel=\"noreferrer noopener\">https:\/\/selnee.rea.org.ua\/uk\/<\/a><br>Katalog p\u00e5 russisk:&nbsp;<a href=\"https:\/\/selnee.rea.org.ua\/ru\/\" target=\"_blank\" rel=\"noreferrer noopener\">https:\/\/selnee.rea.org.ua\/ru\/<\/a><\/p>\n\n\n\n<div class=\"wp-block-columns alignwide is-layout-flex wp-container-core-columns-is-layout-9d6595d7 wp-block-columns-is-layout-flex\">\n<div class=\"wp-block-column is-layout-flow wp-block-column-is-layout-flow\" style=\"flex-basis:67%\"><\/div>\n\n\n\n<div class=\"wp-block-column is-vertically-aligned-center is-layout-flow wp-block-column-is-layout-flow\" style=\"flex-basis:33%\"><\/div>\n<\/div>\n<\/div><\/div>\n<\/div>\n\n\n\n<div class=\"wp-block-uagb-tabs-child uagb-tabs__body-container uagb-inner-tab-5\" aria-labelledby=\"uagb-tabs__tab5\">\n<div class=\"wp-block-group alignfull has-white-background-color has-background\"><div class=\"wp-block-group__inner-container is-layout-flow wp-block-group-is-layout-flow\">\n<div class=\"wp-block-columns alignwide is-layout-flex wp-container-core-columns-is-layout-9d6595d7 wp-block-columns-is-layout-flex\">\n<div class=\"wp-block-column is-layout-flow wp-block-column-is-layout-flow\">\n<h6 class=\"wp-block-heading has-text-color\" id=\"ecosystem\" style=\"color:#000000\"><strong>18. oktober 2021<\/strong><\/h6>\n\n\n\n<h4 class=\"wp-block-heading has-text-color\" style=\"color:#000000;font-size:2vw\">Udgivelse af rapport<\/h4>\n\n\n\n<div style=\"height:5px\" aria-hidden=\"true\" class=\"wp-block-spacer\"><\/div>\n\n\n\n<figure class=\"wp-block-image alignfull size-full\"><img loading=\"lazy\" decoding=\"async\" width=\"1015\" height=\"708\" src=\"https:\/\/www.folkecenter.net\/wp-content\/uploads\/2022\/09\/Report-SELNEE.png\" alt=\"\" class=\"wp-image-5519\" srcset=\"https:\/\/www.folkecenter.net\/wp-content\/uploads\/2022\/09\/Report-SELNEE.png 1015w, https:\/\/www.folkecenter.net\/wp-content\/uploads\/2022\/09\/Report-SELNEE-300x209.png 300w, https:\/\/www.folkecenter.net\/wp-content\/uploads\/2022\/09\/Report-SELNEE-768x536.png 768w, https:\/\/www.folkecenter.net\/wp-content\/uploads\/2022\/09\/Report-SELNEE-18x12.png 18w\" sizes=\"auto, (max-width: 1015px) 100vw, 1015px\" \/><\/figure>\n<\/div>\n<\/div>\n\n\n\n<p>Gennemgang af Climate Action and Transition to Sustainable Energy in Korosten Town, Ukraine<\/p>\n\n\n\n<p>Analyse af SEAP af Korosten Town i 2020<\/p>\n\n\n\n<p>L\u00e6s mere og download publikationen fra REAs hjemmeside p\u00e5<a href=\"https:\/\/rea.org.ua\/en\/library\/837\/\" target=\"_blank\" rel=\"noreferrer noopener\">&nbsp;Engelsk<\/a>&nbsp;og&nbsp;<a href=\"https:\/\/rea.org.ua\/library\/837\/\" target=\"_blank\" rel=\"noreferrer noopener\">p\u00e5 ukrainsk.<\/a><\/p>\n\n\n\n<div class=\"wp-block-columns alignwide is-layout-flex wp-container-core-columns-is-layout-9d6595d7 wp-block-columns-is-layout-flex\">\n<div class=\"wp-block-column is-layout-flow wp-block-column-is-layout-flow\" style=\"flex-basis:67%\"><\/div>\n\n\n\n<div class=\"wp-block-column is-vertically-aligned-center is-layout-flow wp-block-column-is-layout-flow\" style=\"flex-basis:33%\"><\/div>\n<\/div>\n<\/div><\/div>\n<\/div>\n\n\n\n<div class=\"wp-block-uagb-tabs-child uagb-tabs__body-container uagb-inner-tab-6\" aria-labelledby=\"uagb-tabs__tab6\">\n<div class=\"wp-block-group alignfull has-white-background-color has-background\"><div class=\"wp-block-group__inner-container is-layout-flow wp-block-group-is-layout-flow\">\n<div class=\"wp-block-columns alignwide is-layout-flex wp-container-core-columns-is-layout-9d6595d7 wp-block-columns-is-layout-flex\">\n<div class=\"wp-block-column is-layout-flow wp-block-column-is-layout-flow\">\n<h6 class=\"wp-block-heading has-text-color\" id=\"ecosystem\" style=\"color:#000000\"><strong>18. august 2021<\/strong><\/h6>\n\n\n\n<h4 class=\"wp-block-heading has-text-color\" style=\"color:#000000;font-size:2vw\">Udgivelse af kataloget Local Solutions (p\u00e5 ukrainsk, russisk og engelsk)<\/h4>\n\n\n\n<figure class=\"wp-block-image size-large\"><img loading=\"lazy\" decoding=\"async\" width=\"1024\" height=\"391\" src=\"https:\/\/www.folkecenter.net\/wp-content\/uploads\/2022\/09\/SELNEE_Catalogue-ss-1024x391.jpg\" alt=\"\" class=\"wp-image-5489\" srcset=\"https:\/\/www.folkecenter.net\/wp-content\/uploads\/2022\/09\/SELNEE_Catalogue-ss-1024x391.jpg 1024w, https:\/\/www.folkecenter.net\/wp-content\/uploads\/2022\/09\/SELNEE_Catalogue-ss-300x114.jpg 300w, https:\/\/www.folkecenter.net\/wp-content\/uploads\/2022\/09\/SELNEE_Catalogue-ss-768x293.jpg 768w, https:\/\/www.folkecenter.net\/wp-content\/uploads\/2022\/09\/SELNEE_Catalogue-ss-18x7.jpg 18w, https:\/\/www.folkecenter.net\/wp-content\/uploads\/2022\/09\/SELNEE_Catalogue-ss.jpg 1292w\" sizes=\"auto, (max-width: 1024px) 100vw, 1024px\" \/><\/figure>\n<\/div>\n<\/div>\n\n\n\n<h6 class=\"wp-block-heading\"><em>Hvad kan du g\u00f8re?<br>- for at spare p\u00e5 str\u00f8mmen og varmen<br>- for at bruge vedvarende energi<\/em><\/h6>\n\n\n\n<p>Link til kataloget:&nbsp;<a href=\"https:\/\/selnee.rea.org.ua\/\">https:\/\/selnee.rea.org.ua\/<\/a><\/p>\n\n\n\n<p>Kataloget er tilg\u00e6ngeligt p\u00e5 engelsk, ukrainsk og p\u00e5 russisk. (klik p\u00e5 det respektive flag)<\/p>\n\n\n\n<div class=\"wp-block-columns alignwide is-layout-flex wp-container-core-columns-is-layout-9d6595d7 wp-block-columns-is-layout-flex\">\n<div class=\"wp-block-column is-layout-flow wp-block-column-is-layout-flow\" style=\"flex-basis:67%\"><\/div>\n\n\n\n<div class=\"wp-block-column is-vertically-aligned-center is-layout-flow wp-block-column-is-layout-flow\" style=\"flex-basis:33%\"><\/div>\n<\/div>\n<\/div><\/div>\n<\/div>\n\n\n\n<div class=\"wp-block-uagb-tabs-child uagb-tabs__body-container uagb-inner-tab-7\" aria-labelledby=\"uagb-tabs__tab7\">\n<div class=\"wp-block-group alignfull has-white-background-color has-background\"><div class=\"wp-block-group__inner-container is-layout-flow wp-block-group-is-layout-flow\">\n<div class=\"wp-block-columns alignwide is-layout-flex wp-container-core-columns-is-layout-9d6595d7 wp-block-columns-is-layout-flex\">\n<div class=\"wp-block-column is-layout-flow wp-block-column-is-layout-flow\">\n<h6 class=\"wp-block-heading has-text-color\" id=\"ecosystem\" style=\"color:#000000\"><strong>17.-21. august 2021<\/strong><\/h6>\n\n\n\n<h2 class=\"wp-block-heading\">European Sustainable Energy NGO Seminar p\u00e5 Nordisk Folkecenter for Vedvarende Energi, Danmark<\/h2>\n\n\n\n<figure class=\"wp-block-image size-large\"><a href=\"https:\/\/www.inforse.org\/europe\/seminar_2021_INFORSE-Europe_DK.htm\" target=\"_blank\" rel=\"noreferrer noopener\"><img loading=\"lazy\" decoding=\"async\" width=\"1024\" height=\"576\" src=\"https:\/\/www.folkecenter.net\/wp-content\/uploads\/2022\/09\/S_21_Seminar_AUG_2021_INFORSE_EU-1024x576.jpg\" alt=\"\" class=\"wp-image-5497\" srcset=\"https:\/\/www.folkecenter.net\/wp-content\/uploads\/2022\/09\/S_21_Seminar_AUG_2021_INFORSE_EU-1024x576.jpg 1024w, https:\/\/www.folkecenter.net\/wp-content\/uploads\/2022\/09\/S_21_Seminar_AUG_2021_INFORSE_EU-300x169.jpg 300w, https:\/\/www.folkecenter.net\/wp-content\/uploads\/2022\/09\/S_21_Seminar_AUG_2021_INFORSE_EU-768x432.jpg 768w, https:\/\/www.folkecenter.net\/wp-content\/uploads\/2022\/09\/S_21_Seminar_AUG_2021_INFORSE_EU-18x10.jpg 18w, https:\/\/www.folkecenter.net\/wp-content\/uploads\/2022\/09\/S_21_Seminar_AUG_2021_INFORSE_EU.jpg 1280w\" sizes=\"auto, (max-width: 1024px) 100vw, 1024px\" \/><\/a><\/figure>\n<\/div>\n<\/div>\n\n\n\n<p>Programmet inkluderede udgivelsen af<a href=\"https:\/\/selnee.rea.org.ua\/\">&nbsp;kataloget \"Local Solutions What Can You Do\" p\u00e5 engelsk, ukrainsk og russisk.<br><\/a><br>L\u00e6s mere og download programmet fra: INFORSE-Europes hjemmeside p\u00e5&nbsp;<a href=\"https:\/\/www.inforse.org\/europe\/seminar_2021_INFORSE-Europe_DK.htm\">European Sustainable Energy Seminar<\/a><\/p>\n\n\n\n<p>Facebook event link:&nbsp;<a href=\"https:\/\/www.facebook.com\/events\/142373817886220%20\">https:\/\/www.facebook.com\/events\/142373817886220<\/a><\/p>\n\n\n\n<div class=\"wp-block-columns alignwide is-layout-flex wp-container-core-columns-is-layout-9d6595d7 wp-block-columns-is-layout-flex\">\n<div class=\"wp-block-column is-layout-flow wp-block-column-is-layout-flow\" style=\"flex-basis:67%\"><\/div>\n\n\n\n<div class=\"wp-block-column is-vertically-aligned-center is-layout-flow wp-block-column-is-layout-flow\" style=\"flex-basis:33%\"><\/div>\n<\/div>\n<\/div><\/div>\n<\/div>\n\n\n\n<div class=\"wp-block-uagb-tabs-child uagb-tabs__body-container uagb-inner-tab-8\" aria-labelledby=\"uagb-tabs__tab8\">\n<div class=\"wp-block-group alignfull has-white-background-color has-background\"><div class=\"wp-block-group__inner-container is-layout-flow wp-block-group-is-layout-flow\">\n<div class=\"wp-block-columns alignwide is-layout-flex wp-container-core-columns-is-layout-9d6595d7 wp-block-columns-is-layout-flex\">\n<div class=\"wp-block-column is-layout-flow wp-block-column-is-layout-flow\">\n<h6 class=\"wp-block-heading has-text-color\" id=\"ecosystem\" style=\"color:#000000\"><strong>23. april 2021<\/strong><\/h6>\n\n\n\n<h2 class=\"wp-block-heading\">Gennemgang af overgangen af \u200b\u200bukrainske byer til b\u00e6redygtig energi \u2013 SELNEE-projektets onlineseminar<\/h2>\n\n\n\n<figure class=\"wp-block-image size-large\"><img loading=\"lazy\" decoding=\"async\" width=\"1024\" height=\"530\" src=\"https:\/\/www.folkecenter.net\/wp-content\/uploads\/2022\/09\/SELNEE_webinar_23apr_2021_Ukraine-1024x530.jpg\" alt=\"\" class=\"wp-image-5501\" srcset=\"https:\/\/www.folkecenter.net\/wp-content\/uploads\/2022\/09\/SELNEE_webinar_23apr_2021_Ukraine-1024x530.jpg 1024w, https:\/\/www.folkecenter.net\/wp-content\/uploads\/2022\/09\/SELNEE_webinar_23apr_2021_Ukraine-300x155.jpg 300w, https:\/\/www.folkecenter.net\/wp-content\/uploads\/2022\/09\/SELNEE_webinar_23apr_2021_Ukraine-768x398.jpg 768w, https:\/\/www.folkecenter.net\/wp-content\/uploads\/2022\/09\/SELNEE_webinar_23apr_2021_Ukraine-18x9.jpg 18w, https:\/\/www.folkecenter.net\/wp-content\/uploads\/2022\/09\/SELNEE_webinar_23apr_2021_Ukraine.jpg 1536w\" sizes=\"auto, (max-width: 1024px) 100vw, 1024px\" \/><\/figure>\n<\/div>\n<\/div>\n\n\n\n<p>Bem\u00e6rk: Begivenheden er p\u00e5 ukrainsk\/russisk. H\u00f8jttalere fra REA\/INFORSE-Europe og Korosten by, Ukraine.<\/p>\n\n\n\n<p>Se eventet p\u00e5&nbsp;<a href=\"https:\/\/www.facebook.com\/events\/290410802654621\/\" target=\"_blank\" rel=\"noreferrer noopener\">Facebook<\/a><\/p>\n\n\n\n<p>L\u00e6s mere:&nbsp;<a href=\"https:\/\/rea.org.ua\/news\/660\/\" target=\"_blank\" rel=\"noreferrer noopener\">Events opkald p\u00e5 REA's websted p\u00e5 ukrainsk<\/a> hvorfra der er tilmeldingslink, og&nbsp;<a rel=\"noreferrer noopener\" href=\"https:\/\/rea.org.ua\/en\/news\/660\/\" target=\"_blank\">Eventets opkald p\u00e5 REA's hjemmeside p\u00e5 engelsk.<\/a><\/p>\n\n\n\n<div class=\"wp-block-columns alignwide is-layout-flex wp-container-core-columns-is-layout-9d6595d7 wp-block-columns-is-layout-flex\">\n<div class=\"wp-block-column is-layout-flow wp-block-column-is-layout-flow\" style=\"flex-basis:67%\"><\/div>\n\n\n\n<div class=\"wp-block-column is-vertically-aligned-center is-layout-flow wp-block-column-is-layout-flow\" style=\"flex-basis:33%\"><\/div>\n<\/div>\n<\/div><\/div>\n<\/div>\n\n\n\n<div class=\"wp-block-uagb-tabs-child uagb-tabs__body-container uagb-inner-tab-9\" aria-labelledby=\"uagb-tabs__tab9\">\n<div class=\"wp-block-group alignfull has-white-background-color has-background\"><div class=\"wp-block-group__inner-container is-layout-flow wp-block-group-is-layout-flow\">\n<div class=\"wp-block-columns alignwide is-layout-flex wp-container-core-columns-is-layout-9d6595d7 wp-block-columns-is-layout-flex\">\n<div class=\"wp-block-column is-layout-flow wp-block-column-is-layout-flow\">\n<h6 class=\"wp-block-heading has-text-color\" id=\"ecosystem\" style=\"color:#000000\"><strong>22. januar 2021<\/strong><\/h6>\n\n\n\n<h2 class=\"wp-block-heading\">Implementering af SECAP'erne, muligheder for udvikling og for\u00f8gelse af andelen af \u200b\u200bvedvarende energikilder p\u00e5 lokalt niveau inden for det eksisterende energisystem i Hviderusland<\/h2>\n\n\n\n<figure class=\"wp-block-image alignfull size-full\"><img loading=\"lazy\" decoding=\"async\" width=\"300\" height=\"213\" src=\"https:\/\/www.folkecenter.net\/wp-content\/uploads\/2022\/09\/SELNEE_Belarus_webinar_Jan22_2021.png\" alt=\"\" class=\"wp-image-5502\" srcset=\"https:\/\/www.folkecenter.net\/wp-content\/uploads\/2022\/09\/SELNEE_Belarus_webinar_Jan22_2021.png 300w, https:\/\/www.folkecenter.net\/wp-content\/uploads\/2022\/09\/SELNEE_Belarus_webinar_Jan22_2021-18x12.png 18w\" sizes=\"auto, (max-width: 300px) 100vw, 300px\" \/><\/figure>\n<\/div>\n<\/div>\n\n\n\n<p>Note: Eventet er p\u00e5 russissk.<\/p>\n\n\n\n<p>Original titel: \u0412\u0435\u0431\u0438\u043d\u0430\u0440: \u0420\u0430\u0437\u0432\u0438\u0442\u0438\u0435 \u0432\u043e\u0437\u043e\u0431\u043d\u043e\u0432\u043b\u044f\u0435\u043c\u044b\u0445 \u0438\u0441\u0442\u043e\u0447\u043d\u0438\u043a\u043e\u0432 \u044d\u043d\u0435\u0440\u0433\u0438\u0438 \u043d\u0430 \u043c\u0435\u0441\u0442\u043d\u043e\u043c \u0443\u0440\u043e\u0432\u043d\u0435 \u0432 \u0411\u0435\u043b\u0430\u0440\u0443\u0441\u0438<\/p>\n\n\n\n<p>L\u00e6s mere og f\u00e5 linket til registrering fra&nbsp;<a href=\"https:\/\/www.ecoidea.by\/ru\/afisha\/4641\" target=\"_blank\" rel=\"noreferrer noopener\">CES' hjemmeside<\/a>&nbsp;p\u00e5 russisk.<br>Programmet p\u00e5&nbsp;<a href=\"https:\/\/www.inforse.org\/europe\/pdfs\/SELNEE_Program_Belarus_SECAP_Webinar_22.01.2021_ENG.pdf\" target=\"_blank\" rel=\"noreferrer noopener\">engelsk<\/a>&nbsp;og&nbsp;<a href=\"https:\/\/www.inforse.org\/europe\/pdfs\/SELNEE_Program_Belarus_SECAP_Webinar_22.01.2021_RU.pdf\" target=\"_blank\" rel=\"noreferrer noopener\">russisk<\/a><\/p>\n\n\n\n<div class=\"wp-block-columns alignwide is-layout-flex wp-container-core-columns-is-layout-9d6595d7 wp-block-columns-is-layout-flex\">\n<div class=\"wp-block-column is-layout-flow wp-block-column-is-layout-flow\" style=\"flex-basis:67%\"><\/div>\n\n\n\n<div class=\"wp-block-column is-vertically-aligned-center is-layout-flow wp-block-column-is-layout-flow\" style=\"flex-basis:33%\"><\/div>\n<\/div>\n<\/div><\/div>\n<\/div>\n\n\n\n<div class=\"wp-block-uagb-tabs-child uagb-tabs__body-container uagb-inner-tab-10\" aria-labelledby=\"uagb-tabs__tab10\">\n<div class=\"wp-block-group alignfull has-white-background-color has-background\"><div class=\"wp-block-group__inner-container is-layout-flow wp-block-group-is-layout-flow\">\n<div class=\"wp-block-columns alignwide is-layout-flex wp-container-core-columns-is-layout-9d6595d7 wp-block-columns-is-layout-flex\">\n<div class=\"wp-block-column is-layout-flow wp-block-column-is-layout-flow\">\n<h6 class=\"wp-block-heading has-text-color\" id=\"ecosystem\" style=\"color:#000000\"><strong>18. november 2020<\/strong><\/h6>\n\n\n\n<h2 class=\"wp-block-heading\">Review of Climate Action and Transition to Sustainable Energy in Ukraine &#8211; SELNEE project online seminar<\/h2>\n\n\n\n<figure class=\"wp-block-image size-large\"><img loading=\"lazy\" decoding=\"async\" width=\"1024\" height=\"559\" src=\"https:\/\/www.folkecenter.net\/wp-content\/uploads\/2022\/09\/SELNEE_Ukraine_100RE_event_18_Nov_2020-1024x559.jpg\" alt=\"\" class=\"wp-image-5503\" srcset=\"https:\/\/www.folkecenter.net\/wp-content\/uploads\/2022\/09\/SELNEE_Ukraine_100RE_event_18_Nov_2020-1024x559.jpg 1024w, https:\/\/www.folkecenter.net\/wp-content\/uploads\/2022\/09\/SELNEE_Ukraine_100RE_event_18_Nov_2020-300x164.jpg 300w, https:\/\/www.folkecenter.net\/wp-content\/uploads\/2022\/09\/SELNEE_Ukraine_100RE_event_18_Nov_2020-768x419.jpg 768w, https:\/\/www.folkecenter.net\/wp-content\/uploads\/2022\/09\/SELNEE_Ukraine_100RE_event_18_Nov_2020-18x10.jpg 18w, https:\/\/www.folkecenter.net\/wp-content\/uploads\/2022\/09\/SELNEE_Ukraine_100RE_event_18_Nov_2020.jpg 1191w\" sizes=\"auto, (max-width: 1024px) 100vw, 1024px\" \/><\/figure>\n<\/div>\n<\/div>\n\n\n\n<p>Note: The Event is in Ukranian. See Event on&nbsp;<a href=\"https:\/\/www.facebook.com\/events\/360663321872392\/\">Facebook<\/a><\/p>\n\n\n\n<p>L\u00e6s mere:&nbsp;<a rel=\"noreferrer noopener\" href=\"https:\/\/rea.org.ua\/en\/news\/504\/\" target=\"_blank\">Proceedings on REAs web site in English<\/a>&nbsp;og p\u00e5&nbsp;<a href=\"https:\/\/rea.org.ua\/news\/504\/\">Ukranian<\/a>.<\/p>\n\n\n\n<p><a href=\"https:\/\/rea.org.ua\/news\/485\/\">Event at REA&#8217;s site in Ukrania<\/a>n and&nbsp;<a rel=\"noreferrer noopener\" href=\"https:\/\/rea.org.ua\/en\/news\/485\/\" target=\"_blank\">Event at REA&#8217; s site in English.<\/a><\/p>\n\n\n\n<p><a rel=\"noreferrer noopener\" href=\"https:\/\/rea.org.ua\/wp-content\/uploads\/2020\/11\/program_selnee_national_presentation_ua.pdf\" target=\"_blank\">Program in Ukranian pdf&nbsp;<\/a>og&nbsp;<a href=\"https:\/\/rea.org.ua\/wp-content\/uploads\/2020\/11\/program_selnee_national_presentation_en.pdf\">English Translation of the Program pdf<\/a>&nbsp;.<\/p>\n\n\n\n<div class=\"wp-block-columns alignwide is-layout-flex wp-container-core-columns-is-layout-9d6595d7 wp-block-columns-is-layout-flex\">\n<div class=\"wp-block-column is-layout-flow wp-block-column-is-layout-flow\" style=\"flex-basis:67%\"><\/div>\n\n\n\n<div class=\"wp-block-column is-vertically-aligned-center is-layout-flow wp-block-column-is-layout-flow\" style=\"flex-basis:33%\"><\/div>\n<\/div>\n<\/div><\/div>\n<\/div>\n\n\n\n<div class=\"wp-block-uagb-tabs-child uagb-tabs__body-container uagb-inner-tab-11\" aria-labelledby=\"uagb-tabs__tab11\">\n<p>Lorem ipsum dolor sit amet, consectetur adipiscing elit. Ut elit tellus, luctus nec ullamcorper mattis, pulvinar dapibus leo.<\/p>\n<\/div>\n\n\n\n<div class=\"wp-block-uagb-tabs-child uagb-tabs__body-container uagb-inner-tab-12\" aria-labelledby=\"uagb-tabs__tab12\">\n<p>Lorem ipsum dolor sit amet, consectetur adipiscing elit. Ut elit tellus, luctus nec ullamcorper mattis, pulvinar dapibus leo.<\/p>\n<\/div>\n\n\n\n<div class=\"wp-block-uagb-tabs-child uagb-tabs__body-container uagb-inner-tab-13\" aria-labelledby=\"uagb-tabs__tab13\">\n<p>Lorem ipsum dolor sit amet, consectetur adipiscing elit. Ut elit tellus, luctus nec ullamcorper mattis, pulvinar dapibus leo.<\/p>\n<\/div>\n\n\n\n<div class=\"wp-block-uagb-tabs-child uagb-tabs__body-container uagb-inner-tab-14\" aria-labelledby=\"uagb-tabs__tab14\">\n<p>Lorem ipsum dolor sit amet, consectetur adipiscing elit. Ut elit tellus, luctus nec ullamcorper mattis, pulvinar dapibus leo.<\/p>\n<\/div>\n\n\n\n<div class=\"wp-block-uagb-tabs-child uagb-tabs__body-container uagb-inner-tab-15\" aria-labelledby=\"uagb-tabs__tab15\">\n<p>Lorem ipsum dolor sit amet, consectetur adipiscing elit. Ut elit tellus, luctus nec ullamcorper mattis, pulvinar dapibus leo.<\/p>\n<\/div>\n<\/div><\/div>\n\n\n\n<div style=\"height:50px\" aria-hidden=\"true\" class=\"wp-block-spacer\"><\/div>\n\n\n\n<h2 class=\"wp-block-heading has-text-align-center\"><strong>OM PROJEKTET<\/strong><\/h2>\n\n\n\n<p style=\"font-size:16px\">Med det form\u00e5l at styrke civilsamfundsorganisationer, der fremmer klimaindsats og overgang til b\u00e6redygtig energi i \u00d8steuropa, is\u00e6r i Ukraine og Hviderusland, vil projektet arbejde for:<\/p>\n\n\n\n<ul class=\"wp-block-list\">\n<li style=\"font-size:16px\">\u00d8gede nationale tiltag for b\u00e6redygtig energi i Hviderusland og Ukraine med forslag og fortalervirksomhed for dem samt med information og udvekslinger med civilsamfundsorganisationer;<\/li>\n\n\n\n<li style=\"font-size:16px\">Mere ambiti\u00f8s kommunal omstilling til vedvarende energi med v\u00e6rkt\u00f8jer til at forbedre kommunale handlingsplaner for b\u00e6redygtig energi og klima (SECAP'er), med forslag til kommunale energistyringssystemer samt med fremme af borgerinddragelse;<\/li>\n\n\n\n<li style=\"font-size:16px\">\u00d8get civilsamfunds- og borgerinddragelse i b\u00e6redygtig energiomstilling med promovering og fundraising af borgernes energir\u00e5dgivere, med promovering af enkle og overkommelige energil\u00f8sninger, som borgerne kan lave, og med civilsamfunds-seminar og netv\u00e6rk.<\/li>\n<\/ul>\n\n\n\n<p style=\"font-size:16px\">M\u00e5let er at styrke civilsamfundsorganisationer, der fremmer klimaindsats og overgang til b\u00e6redygtig energi i \u00d8steuropa generelt og i Ukraine og Hviderusland i s\u00e6rdeleshed. Projektet skal direkte bidrage til f\u00f8lgende Verdensm\u00e5l:<\/p>\n\n\n\n<ul class=\"wp-block-list\">\n<li style=\"font-size:16px\">Reducer drivhusgasemissioner p\u00e5 b\u00e6redygtige m\u00e5der (Nr. 13);<\/li>\n\n\n\n<li style=\"font-size:16px\">\u00d8ge vedvarende energi og energieffektivitet samt give mennesker, der mangler det i dag, energi til en overkommelig pris (Nr. 7);<\/li>\n\n\n\n<li style=\"font-size:16px\">\u00d8ge arbejdspladser i gr\u00f8nne l\u00f8sninger (Nr. 8);<\/li>\n\n\n\n<li style=\"font-size:16px\">Partnerskab mellem CSO'er, lokale CBO'er, kommuner og andre interessenter (Nr.17);<\/li>\n<\/ul>\n\n\n\n<p style=\"font-size:16px\">Dette vil igen bidrage til andre Verdensm\u00e5l s\u00e5som fattigdomsbek\u00e6mpelse (Nr. 1) med mere overkommelig energi og jobskabelse.<\/p>\n\n\n\n<div style=\"height:50px\" aria-hidden=\"true\" class=\"wp-block-spacer\"><\/div>\n\n\n\n<h2 class=\"wp-block-heading has-text-align-center\"><strong>VERDENSM\u00c5L I PROJEKTET<\/strong><\/h2>\n\n\n\n<div class=\"wp-block-columns is-layout-flex wp-container-core-columns-is-layout-9d6595d7 wp-block-columns-is-layout-flex\">\n<div class=\"wp-block-column is-layout-flow wp-block-column-is-layout-flow\"><div class=\"wp-block-image\">\n<figure class=\"aligncenter size-full\"><img loading=\"lazy\" decoding=\"async\" width=\"3000\" height=\"3000\" src=\"https:\/\/www.folkecenter.net\/wp-content\/uploads\/2023\/04\/icons-rgb-2016-07.png\" alt=\"SDG 7\" class=\"wp-image-7366\" srcset=\"https:\/\/www.folkecenter.net\/wp-content\/uploads\/2023\/04\/icons-rgb-2016-07.png 1600w, https:\/\/www.folkecenter.net\/wp-content\/uploads\/2023\/04\/icons-rgb-2016-07-300x300.png 300w, https:\/\/www.folkecenter.net\/wp-content\/uploads\/2023\/04\/icons-rgb-2016-07-1024x1024.png 1024w, https:\/\/www.folkecenter.net\/wp-content\/uploads\/2023\/04\/icons-rgb-2016-07-150x150.png 150w, https:\/\/www.folkecenter.net\/wp-content\/uploads\/2023\/04\/icons-rgb-2016-07-768x768.png 768w, https:\/\/www.folkecenter.net\/wp-content\/uploads\/2023\/04\/icons-rgb-2016-07-1536x1536.png 1536w, https:\/\/www.folkecenter.net\/wp-content\/uploads\/2023\/04\/icons-rgb-2016-07-12x12.png 12w, https:\/\/www.folkecenter.net\/wp-content\/uploads\/2023\/04\/icons-rgb-2016-07-600x600.png 600w\" sizes=\"auto, (max-width: 3000px) 100vw, 3000px\" \/><\/figure><\/div><\/div>\n\n\n\n<div class=\"wp-block-column is-layout-flow wp-block-column-is-layout-flow\"><div class=\"wp-block-image\">\n<figure class=\"aligncenter size-full\"><img loading=\"lazy\" decoding=\"async\" width=\"3000\" height=\"3000\" src=\"https:\/\/www.folkecenter.net\/wp-content\/uploads\/2023\/04\/E_SDG-goals_icons-individual-cmyk-08.png\" alt=\"SDG 8\" class=\"wp-image-7367\" srcset=\"https:\/\/www.folkecenter.net\/wp-content\/uploads\/2023\/04\/E_SDG-goals_icons-individual-cmyk-08.png 3000w, https:\/\/www.folkecenter.net\/wp-content\/uploads\/2023\/04\/E_SDG-goals_icons-individual-cmyk-08-300x300.png 300w, https:\/\/www.folkecenter.net\/wp-content\/uploads\/2023\/04\/E_SDG-goals_icons-individual-cmyk-08-1024x1024.png 1024w, https:\/\/www.folkecenter.net\/wp-content\/uploads\/2023\/04\/E_SDG-goals_icons-individual-cmyk-08-150x150.png 150w, https:\/\/www.folkecenter.net\/wp-content\/uploads\/2023\/04\/E_SDG-goals_icons-individual-cmyk-08-768x768.png 768w, https:\/\/www.folkecenter.net\/wp-content\/uploads\/2023\/04\/E_SDG-goals_icons-individual-cmyk-08-1536x1536.png 1536w, https:\/\/www.folkecenter.net\/wp-content\/uploads\/2023\/04\/E_SDG-goals_icons-individual-cmyk-08-2048x2048.png 2048w, https:\/\/www.folkecenter.net\/wp-content\/uploads\/2023\/04\/E_SDG-goals_icons-individual-cmyk-08-12x12.png 12w, https:\/\/www.folkecenter.net\/wp-content\/uploads\/2023\/04\/E_SDG-goals_icons-individual-cmyk-08-600x600.png 600w\" sizes=\"auto, (max-width: 3000px) 100vw, 3000px\" \/><\/figure><\/div><\/div>\n\n\n\n<div class=\"wp-block-column is-layout-flow wp-block-column-is-layout-flow\"><div class=\"wp-block-image\">\n<figure class=\"aligncenter size-large\"><img loading=\"lazy\" decoding=\"async\" width=\"1024\" height=\"1024\" src=\"https:\/\/www.folkecenter.net\/wp-content\/uploads\/2023\/04\/icons-rgb-2016-13.png\" alt=\"SDG 13\" class=\"wp-image-7372\" srcset=\"https:\/\/www.folkecenter.net\/wp-content\/uploads\/2023\/04\/icons-rgb-2016-13.png 1600w, https:\/\/www.folkecenter.net\/wp-content\/uploads\/2023\/04\/icons-rgb-2016-13-300x300.png 300w, https:\/\/www.folkecenter.net\/wp-content\/uploads\/2023\/04\/icons-rgb-2016-13-1024x1024.png 1024w, https:\/\/www.folkecenter.net\/wp-content\/uploads\/2023\/04\/icons-rgb-2016-13-150x150.png 150w, https:\/\/www.folkecenter.net\/wp-content\/uploads\/2023\/04\/icons-rgb-2016-13-768x768.png 768w, https:\/\/www.folkecenter.net\/wp-content\/uploads\/2023\/04\/icons-rgb-2016-13-1536x1536.png 1536w, https:\/\/www.folkecenter.net\/wp-content\/uploads\/2023\/04\/icons-rgb-2016-13-12x12.png 12w, https:\/\/www.folkecenter.net\/wp-content\/uploads\/2023\/04\/icons-rgb-2016-13-600x600.png 600w\" sizes=\"auto, (max-width: 1024px) 100vw, 1024px\" \/><\/figure><\/div><\/div>\n\n\n\n<div class=\"wp-block-column is-layout-flow wp-block-column-is-layout-flow\"><div class=\"wp-block-image\">\n<figure class=\"aligncenter size-full\"><img loading=\"lazy\" decoding=\"async\" width=\"3000\" height=\"3000\" src=\"https:\/\/www.folkecenter.net\/wp-content\/uploads\/2023\/04\/E_SDG-goals_icons-individual-cmyk-17.png\" alt=\"SDG 17\" class=\"wp-image-7376\" srcset=\"https:\/\/www.folkecenter.net\/wp-content\/uploads\/2023\/04\/E_SDG-goals_icons-individual-cmyk-17.png 3000w, https:\/\/www.folkecenter.net\/wp-content\/uploads\/2023\/04\/E_SDG-goals_icons-individual-cmyk-17-300x300.png 300w, https:\/\/www.folkecenter.net\/wp-content\/uploads\/2023\/04\/E_SDG-goals_icons-individual-cmyk-17-1024x1024.png 1024w, https:\/\/www.folkecenter.net\/wp-content\/uploads\/2023\/04\/E_SDG-goals_icons-individual-cmyk-17-150x150.png 150w, https:\/\/www.folkecenter.net\/wp-content\/uploads\/2023\/04\/E_SDG-goals_icons-individual-cmyk-17-768x768.png 768w, https:\/\/www.folkecenter.net\/wp-content\/uploads\/2023\/04\/E_SDG-goals_icons-individual-cmyk-17-1536x1536.png 1536w, https:\/\/www.folkecenter.net\/wp-content\/uploads\/2023\/04\/E_SDG-goals_icons-individual-cmyk-17-2048x2048.png 2048w, https:\/\/www.folkecenter.net\/wp-content\/uploads\/2023\/04\/E_SDG-goals_icons-individual-cmyk-17-12x12.png 12w, https:\/\/www.folkecenter.net\/wp-content\/uploads\/2023\/04\/E_SDG-goals_icons-individual-cmyk-17-600x600.png 600w\" sizes=\"auto, (max-width: 3000px) 100vw, 3000px\" \/><\/figure><\/div><\/div>\n<\/div>\n\n\n\n<div style=\"height:50px\" aria-hidden=\"true\" class=\"wp-block-spacer\"><\/div>\n\n\n\n<h2 class=\"wp-block-heading has-text-align-center\"><strong>PROJECT OBJECTIVES<\/strong><\/h2>\n\n\n\n<p style=\"font-size:16px\">SELNEE-projektet har f\u00f8lgende m\u00e5l:<\/p>\n\n\n\n<ol style=\"font-size:16px;list-style-type:lower-alpha\" class=\"wp-block-list\">\n<li>\u00d8ge de nationale tiltag for b\u00e6redygtig energi i Hviderusland og Ukraine med forslag og salgsfremmende aktiviteter for forslagene samt via information og udveksling med civilsamfundsorganisationer (CSO'er) ogs\u00e5 i andre \u00f8steurop\u00e6iske lande. Det forventede resultat er, at nationale beslutningstagere og interessenter ved afslutningen af \u200b\u200bprojektet vil kende de fremmede n\u00f8gleforslag og overveje dem i nationale klima- og energiplaner;<\/li>\n\n\n\n<li>Mere ambiti\u00f8s kommunal omstilling til vedvarende energi. Dette vil blive realiseret med (i) udvikling og fremme af v\u00e6rkt\u00f8jer til at forbedre kommunale b\u00e6redygtige energi- og klimahandlingsplaner (SECAP'er) og med (ii) forslag til kommunale energistyringssystemer, samt med fremme af borgerinddragelse (se specifikt m\u00e5l c) . Forbedrede SECAP'er og energiforvaltningsplaner vil d\u00e6kke 3 kommuner (to i Hviderusland og en i Ukraine). Det forventede resultat er, at de kommunale beslutningstagere ved projektets afslutning vil have accepteret forbedringer i SECAP'er og i Belarus ogs\u00e5 af kommunale energistyringssystemer;<\/li>\n\n\n\n<li>\u00d8get CSO &amp; borgernes engagement i vedvarende energi og energieffektivitet. Dette vil blive realiseret med fremme og fundraising af borgernes energir\u00e5dgivere p\u00e5 kommunalt niveau og med fremme af enkle, overkommelige energieffektivitets- og vedvarende energil\u00f8sninger, som borgerne kan, og som de kan drage nytte af. Aktiviteterne vil b\u00e5de v\u00e6re i de tre kommuner og i den \u00f8steurop\u00e6iske region, hvor projektet vil inddrage og styrke civilsamfundsorganisationer og deres netv\u00e6rk. Det forventede resultat er, at der ved afslutningen af \u200b\u200bprojektet er i gang med at indsamle penge til mindst \u00e9n energir\u00e5dgiver (i Hviderusland), og at mindst 6000 personer og 100 civilsamfundsorganisationer har l\u00e6rt om de lokale l\u00f8sninger, prim\u00e6rt i Hviderusland og Ukraine;<\/li>\n<\/ol>\n\n\n\n<div style=\"height:50px\" aria-hidden=\"true\" class=\"wp-block-spacer\"><\/div>\n\n\n\n<h2 class=\"wp-block-heading has-text-align-center\"><strong>PROJEKTPARTNERE<\/strong><\/h2>\n\n\n\n<div class=\"wp-block-columns is-layout-flex wp-container-core-columns-is-layout-9d6595d7 wp-block-columns-is-layout-flex\">\n<div class=\"wp-block-column is-layout-flow wp-block-column-is-layout-flow\">\n<figure class=\"wp-block-image size-full\"><img loading=\"lazy\" decoding=\"async\" width=\"300\" height=\"123\" src=\"https:\/\/www.folkecenter.net\/wp-content\/uploads\/2022\/09\/ces_logo.jpg\" alt=\"\" class=\"wp-image-5506\" srcset=\"https:\/\/www.folkecenter.net\/wp-content\/uploads\/2022\/09\/ces_logo.jpg 300w, https:\/\/www.folkecenter.net\/wp-content\/uploads\/2022\/09\/ces_logo-18x7.jpg 18w\" sizes=\"auto, (max-width: 300px) 100vw, 300px\" \/><figcaption class=\"wp-element-caption\">Centre of Environmental Solutions (CES), Belarus<\/figcaption><\/figure>\n\n\n\n<p><\/p>\n<\/div>\n\n\n\n<div class=\"wp-block-column is-layout-flow wp-block-column-is-layout-flow\">\n<figure class=\"wp-block-image size-full\"><img loading=\"lazy\" decoding=\"async\" width=\"186\" height=\"108\" src=\"https:\/\/www.folkecenter.net\/wp-content\/uploads\/2022\/09\/ABE.png\" alt=\"\" class=\"wp-image-5434\" srcset=\"https:\/\/www.folkecenter.net\/wp-content\/uploads\/2022\/09\/ABE.png 186w, https:\/\/www.folkecenter.net\/wp-content\/uploads\/2022\/09\/ABE-18x10.png 18w\" sizes=\"auto, (max-width: 186px) 100vw, 186px\" \/><figcaption class=\"wp-element-caption\">Renewable Energy Agency (REA), Ukraine<\/figcaption><\/figure>\n<\/div>\n\n\n\n<div class=\"wp-block-column is-layout-flow wp-block-column-is-layout-flow\">\n<figure class=\"wp-block-image alignfull size-full\"><img loading=\"lazy\" decoding=\"async\" width=\"1015\" height=\"224\" src=\"https:\/\/www.folkecenter.net\/wp-content\/uploads\/2022\/09\/INFORSE-Europe-logo-png.png\" alt=\"\" class=\"wp-image-5435\" srcset=\"https:\/\/www.folkecenter.net\/wp-content\/uploads\/2022\/09\/INFORSE-Europe-logo-png.png 1015w, https:\/\/www.folkecenter.net\/wp-content\/uploads\/2022\/09\/INFORSE-Europe-logo-png-300x66.png 300w, https:\/\/www.folkecenter.net\/wp-content\/uploads\/2022\/09\/INFORSE-Europe-logo-png-768x169.png 768w, https:\/\/www.folkecenter.net\/wp-content\/uploads\/2022\/09\/INFORSE-Europe-logo-png-18x4.png 18w\" sizes=\"auto, (max-width: 1015px) 100vw, 1015px\" \/><figcaption class=\"wp-element-caption\">INFORSE &#8211; International Network for Sustainable Energy<\/figcaption><\/figure>\n<\/div>\n\n\n\n<div class=\"wp-block-column is-layout-flow wp-block-column-is-layout-flow\"><div class=\"wp-block-image\">\n<figure class=\"aligncenter size-full\"><img loading=\"lazy\" decoding=\"async\" width=\"567\" height=\"197\" src=\"https:\/\/www.folkecenter.net\/wp-content\/uploads\/2022\/05\/Folkecenter-logo2.png\" alt=\"\" class=\"wp-image-1636\" srcset=\"https:\/\/www.folkecenter.net\/wp-content\/uploads\/2022\/05\/Folkecenter-logo2.png 567w, https:\/\/www.folkecenter.net\/wp-content\/uploads\/2022\/05\/Folkecenter-logo2-300x104.png 300w, https:\/\/www.folkecenter.net\/wp-content\/uploads\/2022\/05\/Folkecenter-logo2-18x6.png 18w\" sizes=\"auto, (max-width: 567px) 100vw, 567px\" \/><figcaption class=\"wp-element-caption\">Nordisk Folkecenter for Vedvarende Energi<\/figcaption><\/figure><\/div><\/div>\n<\/div>\n\n\n\n<div style=\"height:50px\" aria-hidden=\"true\" class=\"wp-block-spacer\"><\/div>\n\n\n\n<h4 class=\"wp-block-heading has-text-align-center\">Projektet er st\u00f8ttet af CISU \u2013 Civilsamfund i Udvikling, Danmark<\/h4>\n\n\n<div class=\"wp-block-image\">\n<figure class=\"aligncenter size-large is-resized\"><img loading=\"lazy\" decoding=\"async\" width=\"1024\" height=\"202\" src=\"https:\/\/www.folkecenter.net\/wp-content\/uploads\/2022\/06\/CISU-logo-1-1024x202.png\" alt=\"CISU\" class=\"wp-image-4460\" style=\"width:503px;height:98px\" srcset=\"https:\/\/www.folkecenter.net\/wp-content\/uploads\/2022\/06\/CISU-logo-1-1024x202.png 1024w, https:\/\/www.folkecenter.net\/wp-content\/uploads\/2022\/06\/CISU-logo-1-300x59.png 300w, https:\/\/www.folkecenter.net\/wp-content\/uploads\/2022\/06\/CISU-logo-1-768x151.png 768w, https:\/\/www.folkecenter.net\/wp-content\/uploads\/2022\/06\/CISU-logo-1-1536x302.png 1536w, https:\/\/www.folkecenter.net\/wp-content\/uploads\/2022\/06\/CISU-logo-1-2048x403.png 2048w, https:\/\/www.folkecenter.net\/wp-content\/uploads\/2022\/06\/CISU-logo-1-18x4.png 18w\" sizes=\"auto, (max-width: 1024px) 100vw, 1024px\" \/><\/figure><\/div>","protected":false},"excerpt":{"rendered":"<p>Civil Society for Sustainable Energy \u2013 Local to National in Eastern Europe (SELNEE) PROJECT DETAILS Project partners: Nordic Folkecenter for Renewable Energy, DenmarkINFORSE Europe, DenmarkRenewable Energy Agency, UkraineCenter of Environmental &#8230;<\/p>","protected":false},"author":1,"featured_media":0,"parent":0,"menu_order":0,"comment_status":"closed","ping_status":"closed","template":"","meta":{"_uag_custom_page_level_css":"","footnotes":""},"folder":[49],"class_list":["post-5474","page","type-page","status-publish","hentry"],"uagb_featured_image_src":{"full":false,"thumbnail":false,"medium":false,"medium_large":false,"large":false,"1536x1536":false,"2048x2048":false,"trp-custom-language-flag":false,"mgb-medium":false,"mgb-vertical":false,"mgb-banner":false,"onepress-blog-small":false,"onepress-small":false,"onepress-medium":false},"uagb_author_info":{"display_name":"admin","author_link":"https:\/\/www.folkecenter.net\/da\/author\/admin\/"},"uagb_comment_info":0,"uagb_excerpt":"Civil Society for Sustainable Energy \u2013 Local to National in Eastern Europe (SELNEE) PROJECT DETAILS Project partners: Nordic Folkecenter for Renewable Energy, DenmarkINFORSE Europe, DenmarkRenewable Energy Agency, UkraineCenter of Environmental ...","_links":{"self":[{"href":"https:\/\/www.folkecenter.net\/da\/wp-json\/wp\/v2\/pages\/5474","targetHints":{"allow":["GET"]}}],"collection":[{"href":"https:\/\/www.folkecenter.net\/da\/wp-json\/wp\/v2\/pages"}],"about":[{"href":"https:\/\/www.folkecenter.net\/da\/wp-json\/wp\/v2\/types\/page"}],"author":[{"embeddable":true,"href":"https:\/\/www.folkecenter.net\/da\/wp-json\/wp\/v2\/users\/1"}],"replies":[{"embeddable":true,"href":"https:\/\/www.folkecenter.net\/da\/wp-json\/wp\/v2\/comments?post=5474"}],"version-history":[{"count":0,"href":"https:\/\/www.folkecenter.net\/da\/wp-json\/wp\/v2\/pages\/5474\/revisions"}],"wp:attachment":[{"href":"https:\/\/www.folkecenter.net\/da\/wp-json\/wp\/v2\/media?parent=5474"}],"wp:term":[{"taxonomy":"folder","embeddable":true,"href":"https:\/\/www.folkecenter.net\/da\/wp-json\/wp\/v2\/folder?post=5474"}],"curies":[{"name":"wp","href":"https:\/\/api.w.org\/{rel}","templated":true}]}}