{"id":4893,"date":"2022-07-07T08:24:59","date_gmt":"2022-07-07T08:24:59","guid":{"rendered":"https:\/\/www.folkecenter.net\/?page_id=4893"},"modified":"2024-02-05T13:02:17","modified_gmt":"2024-02-05T13:02:17","slug":"preben-maegaard","status":"publish","type":"page","link":"http:\/\/www.folkecenter.net\/da\/preben-maegaard\/","title":{"rendered":"Preben Maegaard"},"content":{"rendered":"<h1 class=\"wp-block-heading\">Preben Maegaard<\/h1>\n\n\n\n<div style=\"height:20px\" aria-hidden=\"true\" class=\"wp-block-spacer\"><\/div>\n\n\n\n<p><a href=\"https:\/\/www.folkecenter.net\/da\/\" data-type=\"page\" data-id=\"308\">Hjem <\/a>\/ <a href=\"https:\/\/www.folkecenter.net\/da\/about-us\/\" data-type=\"page\" data-id=\"712\">About us <\/a>\/ Preben Maegaard<\/p>\n\n\n\n<div style=\"height:20px\" aria-hidden=\"true\" class=\"wp-block-spacer\"><\/div>\n\n\n\n<div class=\"wp-block-columns is-layout-flex wp-container-core-columns-is-layout-9d6595d7 wp-block-columns-is-layout-flex\">\n<div class=\"wp-block-column is-layout-flow wp-block-column-is-layout-flow\" style=\"flex-basis:66.66%\">\n<figure class=\"wp-block-image size-large\"><img loading=\"lazy\" decoding=\"async\" width=\"1024\" height=\"768\" src=\"https:\/\/www.folkecenter.net\/wp-content\/uploads\/2022\/07\/Preben_Maegaard_11_2049x1536pix-1024x768.jpg\" alt=\"Preben Maegaard\" class=\"wp-image-4908\" srcset=\"https:\/\/www.folkecenter.net\/wp-content\/uploads\/2022\/07\/Preben_Maegaard_11_2049x1536pix-1024x768.jpg 1024w, https:\/\/www.folkecenter.net\/wp-content\/uploads\/2022\/07\/Preben_Maegaard_11_2049x1536pix-300x225.jpg 300w, https:\/\/www.folkecenter.net\/wp-content\/uploads\/2022\/07\/Preben_Maegaard_11_2049x1536pix-768x576.jpg 768w, https:\/\/www.folkecenter.net\/wp-content\/uploads\/2022\/07\/Preben_Maegaard_11_2049x1536pix-1536x1152.jpg 1536w, https:\/\/www.folkecenter.net\/wp-content\/uploads\/2022\/07\/Preben_Maegaard_11_2049x1536pix-16x12.jpg 16w, https:\/\/www.folkecenter.net\/wp-content\/uploads\/2022\/07\/Preben_Maegaard_11_2049x1536pix.jpg 2048w\" sizes=\"auto, (max-width: 1024px) 100vw, 1024px\" \/><\/figure>\n<\/div>\n\n\n\n<div class=\"wp-block-column is-layout-flow wp-block-column-is-layout-flow\" style=\"flex-basis:33.33%\">\n<p class=\"myText\"><strong>Preben Maegaard<\/strong>, born 1935, was a Danish renewable energy pioneer, author and expert. <\/p>\n\n\n\n<p class=\"myText\">Since the oil crisis in 1974, he has worked locally, nationally and internationally at the organizational, political and technological level for the transition from fossil fuels to renewable energy.<br><br>Since 1979 he covered many charges in renewable energy institutions and associations, both nationally and internationally; he served several Danish national governmental committees and councils for the development and implementation of renewable energy and he was also Renewable Energy Adviser for some foreign countries.<\/p>\n\n\n\n<p class=\"myText\">From 1984 to 2013 he was director of the Nordic Folkecenter for Renewable Energy. In this capacity he was responsible for the technological innovation of wind turbines, including design, construction and implementation of sizes between 20 to 525 kW. He was involved in the development of farm biogas digesters (from 50 to 1.000 m3), as well as of integrated energy systems<br>including hydrogen and biofuels for transport. <\/p>\n\n\n\n<p><\/p>\n<\/div>\n<\/div>\n\n\n\n<p class=\"myText\">The Folkecenter has, under his leadership, provided transfer of renewable energy technology to many countries, and set up  numerous pilot projects worldwide. As part of these activities hundred of dedicated trainees from all continents have been involved and obtained valuable hand-on experiences that paved the way for dedicated and leading positions in their professional career.<\/p>\n\n\n\n<p class=\"myText\">For over three decades Preben was a conference director, organizer, speaker and participant to numerous national and international seminars, workshops and conferences. His activity as author and co-author led him to produce numerous reports, books, articles and periodicals in Danish, English, German and Japanese within the field of renewable energy and sustainable development. <\/p>\n\n\n\n<p class=\"myText\">Preben died quietly in his sleep at the age of 85, after a long illness.<\/p>\n\n\n\n<div style=\"height:20px\" aria-hidden=\"true\" class=\"wp-block-spacer\"><\/div>\n\n\n\n<div class=\"wp-block-buttons is-content-justification-center is-layout-flex wp-container-core-buttons-is-layout-16018d1d wp-block-buttons-is-layout-flex\">\n<div class=\"wp-block-button\"><a class=\"wp-block-button__link has-white-color has-black-background-color has-text-color has-background wp-element-button\" href=\"https:\/\/www.folkecenter.net\/da\/tribute-to-preben-maegaard\/\" style=\"border-radius:5px\">See the Tribute for Preben<\/a><\/div>\n<\/div>\n\n\n\n<div style=\"height:20px\" aria-hidden=\"true\" class=\"wp-block-spacer\"><\/div>\n\n\n\n<h2 class=\"wp-block-heading\">Biography<\/h2>\n\n\n\n<div style=\"height:20px\" aria-hidden=\"true\" class=\"wp-block-spacer\"><\/div>\n\n\n\n<div class=\"wp-block-columns is-layout-flex wp-container-core-columns-is-layout-9d6595d7 wp-block-columns-is-layout-flex\">\n<div class=\"wp-block-column is-layout-flow wp-block-column-is-layout-flow\">\n<p class=\"myText\">Born September 25, 1935, Preben Maegaard was a Danish renewable energy pioneer, author and expert. Since the oil crisis in 1974 he has worked for the transition from fossil fuels to renewable energy.<\/p>\n\n\n\n<p class=\"myText\">Preben Maegaard was co-founder of the Nordic Folkecenter for Renewable Energy, established in 1983, and its director from 1984 to 2013 (<a href=\"https:\/\/www.folkecenter.net\/da\/\">www.folkecenter.net<\/a>). In this capacity he was responsible for the technological innovation of wind turbines,  including design, construction and implementation of sizes from 20 to 525 kW, farm biogas digesters from 50 to 1000 m<sup>3<\/sup> as well as integrated energy systems including hydrogen and biofuels for transport.<\/p>\n\n\n\n<p class=\"myText\">The technological development and implementation activities took place in cooperation with DS Trade and Industry (<a href=\"http:\/\/www.ds-net.dk\">www.ds-net.dk<\/a>).<\/p>\n\n\n\n<p class=\"myText\">The Folkecenter has under his leadership provided transfer of renewable energy technology to many countries, and set up numerous pilot projects worldwide.<\/p>\n\n\n\n<p class=\"myText\">Preben Maegaard worked locally, nationally and internationally organisational, political and technological levels within a broad spectrum of renewable energy technologies.<\/p>\n\n\n\n<p><\/p>\n\n\n\n<p><\/p>\n\n\n\n<p><\/p>\n\n\n\n<p><\/p>\n\n\n\n<p><\/p>\n<\/div>\n\n\n\n<div class=\"wp-block-column is-layout-flow wp-block-column-is-layout-flow\">\n<figure class=\"wp-block-image size-large\"><img loading=\"lazy\" decoding=\"async\" width=\"1024\" height=\"768\" src=\"https:\/\/www.folkecenter.net\/wp-content\/uploads\/2022\/07\/Preben_Maegaard_10_2560x1920pix-1024x768.jpg\" alt=\"Preben Maegaard\" class=\"wp-image-4907\" srcset=\"https:\/\/www.folkecenter.net\/wp-content\/uploads\/2022\/07\/Preben_Maegaard_10_2560x1920pix-1024x768.jpg 1024w, https:\/\/www.folkecenter.net\/wp-content\/uploads\/2022\/07\/Preben_Maegaard_10_2560x1920pix-300x225.jpg 300w, https:\/\/www.folkecenter.net\/wp-content\/uploads\/2022\/07\/Preben_Maegaard_10_2560x1920pix-768x576.jpg 768w, https:\/\/www.folkecenter.net\/wp-content\/uploads\/2022\/07\/Preben_Maegaard_10_2560x1920pix-1536x1152.jpg 1536w, https:\/\/www.folkecenter.net\/wp-content\/uploads\/2022\/07\/Preben_Maegaard_10_2560x1920pix-2048x1536.jpg 2048w, https:\/\/www.folkecenter.net\/wp-content\/uploads\/2022\/07\/Preben_Maegaard_10_2560x1920pix-16x12.jpg 16w\" sizes=\"auto, (max-width: 1024px) 100vw, 1024px\" \/><\/figure>\n<\/div>\n<\/div>\n\n\n\n<div class=\"wp-block-columns is-layout-flex wp-container-core-columns-is-layout-9d6595d7 wp-block-columns-is-layout-flex\">\n<div class=\"wp-block-column is-layout-flow wp-block-column-is-layout-flow\">\n<figure class=\"wp-block-image size-large\"><img loading=\"lazy\" decoding=\"async\" width=\"1024\" height=\"768\" src=\"https:\/\/www.folkecenter.net\/wp-content\/uploads\/2022\/07\/Preben_Maegaard_8_2560x1920pix-1024x768.jpg\" alt=\"Preben Maegaard\" class=\"wp-image-4905\" srcset=\"https:\/\/www.folkecenter.net\/wp-content\/uploads\/2022\/07\/Preben_Maegaard_8_2560x1920pix-1024x768.jpg 1024w, https:\/\/www.folkecenter.net\/wp-content\/uploads\/2022\/07\/Preben_Maegaard_8_2560x1920pix-300x225.jpg 300w, https:\/\/www.folkecenter.net\/wp-content\/uploads\/2022\/07\/Preben_Maegaard_8_2560x1920pix-768x576.jpg 768w, https:\/\/www.folkecenter.net\/wp-content\/uploads\/2022\/07\/Preben_Maegaard_8_2560x1920pix-1536x1152.jpg 1536w, https:\/\/www.folkecenter.net\/wp-content\/uploads\/2022\/07\/Preben_Maegaard_8_2560x1920pix-2048x1536.jpg 2048w, https:\/\/www.folkecenter.net\/wp-content\/uploads\/2022\/07\/Preben_Maegaard_8_2560x1920pix-16x12.jpg 16w\" sizes=\"auto, (max-width: 1024px) 100vw, 1024px\" \/><\/figure>\n<\/div>\n\n\n\n<div class=\"wp-block-column is-layout-flow wp-block-column-is-layout-flow\">\n<p class=\"myText\">From 1979 to 1984 Preben Maegaard was chairman of the Danish Renewable Energy Association (OVE), since 1991, vice-president of EUROSOLAR (the European Renewable Energy Association) and in 2006, appointed senior vice-president. Since 1992 he has been co-ordinator of the European Solar Prize in Denmark and member of the European Solar Prize Jury. In 1995 he became Member of Senate, UTER, Technical University, Havana. In 1996 and the following years, Preben Maegaard was member of the board of EUROSUN, an intergroup set up by the European Parliament. Since 1999, he has been a board member of the European Renewable Energies Federation (EREF) and Renewable Energy Adviser to the President of Mali, Alpha Konare, leading to the establishment of the Mali Folkecenter. In 2001, he became a chairperson of the Committee of the World Council for Renewable Energy (WCRE).<\/p>\n\n\n\n<p class=\"myText\">When the World Wind Energy Association (WWEA) was founded in 2001, he became its first president, a position he held till 2005. In May 2006, the World Wind Energy Institute (WWEI) was initiated in Kingston, Canada, involving seven institutes from China, Brazil, Cuba, Canada, Russia, Egypt and Denmark. Preben Maegaard was appointed the first president of the WWEI. He was co-founder of the SolarSuperState Association when it was founded in 2012 and became its first president.<\/p>\n<\/div>\n<\/div>\n\n\n\n<div class=\"wp-block-columns is-layout-flex wp-container-core-columns-is-layout-9d6595d7 wp-block-columns-is-layout-flex\">\n<div class=\"wp-block-column is-layout-flow wp-block-column-is-layout-flow\">\n<p class=\"myText\">Preben Maegaard has served on several Danish national governmental committees and councils for the development and implementation of renewable energy as member of:<\/p>\n\n\n\n<p>Renewable Energy Steering Group (1981-1991);<\/p>\n\n\n\n<ul class=\"myText wp-block-list\">\n<li>National Board of Technology; National Renewable Energy Council in Denmark (1991-1996);<\/li>\n\n\n\n<li>National Committee Biomass for Energy (1985-1989);<\/li>\n\n\n\n<li>National Committee for Solar Energy (1995-2002);<\/li>\n\n\n\n<li>National Committee for Wave Power (1997-2002);<\/li>\n\n\n\n<li>National Committee for Hydrogen from Renewable for Transport Purposes (1998-2002).<\/li>\n<\/ul>\n\n\n\n<p class=\"myText\">For over three decades, Preben Maegaard has been conference director, organiser, speaker and\/or participant of numerous national and international seminars, workshops and conferences, chairman of the World Wind Energy Conferences: WWEC2003 in Cape Town, WWEC2004 in Beijing and WWEC2005 in Melbourne (<a href=\"http:\/\/www.wwindea.org\">www.wwindea.org<\/a>).<\/p>\n<\/div>\n\n\n\n<div class=\"wp-block-column is-layout-flow wp-block-column-is-layout-flow\">\n<figure class=\"wp-block-image size-large\"><img loading=\"lazy\" decoding=\"async\" width=\"1024\" height=\"768\" src=\"https:\/\/www.folkecenter.net\/wp-content\/uploads\/2022\/07\/Preben_Maegaard_9_1280x960pix-1024x768.jpg\" alt=\"Preben Maegaard\" class=\"wp-image-4906\" srcset=\"https:\/\/www.folkecenter.net\/wp-content\/uploads\/2022\/07\/Preben_Maegaard_9_1280x960pix-1024x768.jpg 1024w, https:\/\/www.folkecenter.net\/wp-content\/uploads\/2022\/07\/Preben_Maegaard_9_1280x960pix-300x225.jpg 300w, https:\/\/www.folkecenter.net\/wp-content\/uploads\/2022\/07\/Preben_Maegaard_9_1280x960pix-768x576.jpg 768w, https:\/\/www.folkecenter.net\/wp-content\/uploads\/2022\/07\/Preben_Maegaard_9_1280x960pix-16x12.jpg 16w, https:\/\/www.folkecenter.net\/wp-content\/uploads\/2022\/07\/Preben_Maegaard_9_1280x960pix.jpg 1280w\" sizes=\"auto, (max-width: 1024px) 100vw, 1024px\" \/><\/figure>\n<\/div>\n<\/div>\n\n\n\n<p><\/p>\n\n\n\n<p><\/p>\n\n\n\n<p class=\"myText\">Preben Maegaard was author and co-author of numerous reports, books, articles and periodicals in Danish, English, German and Japanese within the field of renewable energy and sustainable development and has received a number of awards.<\/p>\n\n\n\n<p class=\"myText\">In March 2010 Preben Maegaard was featured in documentary film &#8220;<a rel=\"noreferrer noopener\" href=\"https:\/\/www.imdb.com\/title\/tt1619022\/\" target=\"_blank\">The Fourth Revolution<\/a>&#8220;, together with Hermann Scheer, Ibrahim Togola, Elon Musk and other important personalities within the renewable energy field.<\/p>\n\n\n\n<p class=\"myText\">After Preben Maegaard&#8217;s death, occurred on 25 March 2021, Carl-A. Fechner and the fechnerMedia Team, the creators of the documentary, prepared the following video tribute:<\/p>\n\n\n\n<div style=\"height:20px\" aria-hidden=\"true\" class=\"wp-block-spacer\"><\/div>\n\n\n\n<figure class=\"wp-block-embed is-type-video is-provider-vimeo wp-block-embed-vimeo wp-embed-aspect-16-9 wp-has-aspect-ratio\"><div class=\"wp-block-embed__wrapper\">\n<iframe loading=\"lazy\" title=\"Im Gedenken an unseren Freund \/ til minde om vores ven Preben Margaard (1935-2021)\" src=\"https:\/\/player.vimeo.com\/video\/530324515?dnt=1&amp;app_id=122963\" width=\"800\" height=\"450\" frameborder=\"0\" allow=\"autoplay; fullscreen; picture-in-picture\"><\/iframe>\n<\/div><\/figure>\n\n\n\n<div style=\"height:20px\" aria-hidden=\"true\" class=\"wp-block-spacer\"><\/div>\n\n\n\n<h3 class=\"wp-block-heading\"><strong>Professional career<\/strong><\/h3>\n\n\n\n<div style=\"height:20px\" aria-hidden=\"true\" class=\"wp-block-spacer\"><\/div>\n\n\n\n<div class=\"wp-block-columns is-layout-flex wp-container-core-columns-is-layout-9d6595d7 wp-block-columns-is-layout-flex\">\n<div class=\"wp-block-column is-layout-flow wp-block-column-is-layout-flow\">\n<h4 class=\"wp-block-heading\"><strong>Uddannelse<\/strong><\/h4>\n\n\n\n<p class=\"myText\">1957 &#8211; 1962: Economist, graduated in Microeconomics, Human Resources and International Trade. Copenhagen School of Business and Economics.<\/p>\n\n\n\n<p class=\"myText\">Studies, Law and Ethnography, Copenhagen University.<\/p>\n\n\n\n<p>1962 &#8211; 1965: Economist, Statistical Planning Bureau, Ministry of Housing<\/p>\n\n\n\n<h4 class=\"wp-block-heading\"><strong>Career<\/strong><\/h4>\n\n\n\n<p class=\"myText\">1965 &#8211; 1970: Lecturer, Adult Education, Social Sciences and Human Ecology, Open University Courses and Danish Folk High Schools<\/p>\n\n\n\n<p class=\"myText\">1970 &#8211; 1975: Manager, NORDENFJORD College of Innovative Productions and Human Development<\/p>\n\n\n\n<p class=\"myText\">1975 &#8211; 1983: Consultant and Project Implementation Manager for Small and Medium Size Enterprises, Renewable Energy.<\/p>\n\n\n\n<p class=\"myText\">Project management | Organisation: Dansk Smedemesterforening (DS Trade &amp; Industry)<\/p>\n\n\n\n<p class=\"myText\">1976 &#8211; 1982: Cooperation about development of construction manuals. 11, 22, 55 kW wind turbines for the Danish market. Marketing strategies. Association of 2000 members, 20 companies directly involved. Coordination, testing and approval.<\/p>\n\n\n\n<p class=\"myText\">1980 &#8211; 1982: Coordination of project group design engineering and product implementation. 100 kW wind turbine (Rudbjerg). Supported by Danish Agency of Industry.<\/p>\n\n\n\n<p class=\"myText\">1981 &#8211; 1985: Farm biogas, 50, 100, 200 cubic meter. Cooperation about development of construction manuals. Marketing strategies. Four companies directly involved. Coordination, testing and approval. Supported by Danish Agency of Industry<\/p>\n\n\n\n<p class=\"myText\">Founder and director | Organisation: Nordic Folkecenter for Renewable Energy<\/p>\n<\/div>\n\n\n\n<div class=\"wp-block-column is-layout-flow wp-block-column-is-layout-flow\">\n<figure class=\"wp-block-image size-large\"><img loading=\"lazy\" decoding=\"async\" width=\"768\" height=\"1024\" src=\"https:\/\/www.folkecenter.net\/wp-content\/uploads\/2022\/07\/Preben_Maegaard_5_1392x1856pix-768x1024.jpg\" alt=\"Preben Maegaard\" class=\"wp-image-4902\" srcset=\"https:\/\/www.folkecenter.net\/wp-content\/uploads\/2022\/07\/Preben_Maegaard_5_1392x1856pix-768x1024.jpg 768w, https:\/\/www.folkecenter.net\/wp-content\/uploads\/2022\/07\/Preben_Maegaard_5_1392x1856pix-225x300.jpg 225w, https:\/\/www.folkecenter.net\/wp-content\/uploads\/2022\/07\/Preben_Maegaard_5_1392x1856pix-1152x1536.jpg 1152w, https:\/\/www.folkecenter.net\/wp-content\/uploads\/2022\/07\/Preben_Maegaard_5_1392x1856pix-9x12.jpg 9w, https:\/\/www.folkecenter.net\/wp-content\/uploads\/2022\/07\/Preben_Maegaard_5_1392x1856pix.jpg 1392w\" sizes=\"auto, (max-width: 768px) 100vw, 768px\" \/><\/figure>\n<\/div>\n<\/div>\n\n\n\n<p class=\"myText\"><\/p>\n\n\n\n<div class=\"wp-block-buttons is-content-justification-center is-layout-flex wp-container-core-buttons-is-layout-16018d1d wp-block-buttons-is-layout-flex\">\n<div class=\"wp-block-button\"><a class=\"wp-block-button__link has-white-color has-white-background-color has-text-color has-background wp-element-button\" style=\"border-radius:5px\">Download the CV<\/a><\/div>\n<\/div>\n\n\n\n<div style=\"height:20px\" aria-hidden=\"true\" class=\"wp-block-spacer\"><\/div>\n\n\n\n<h2 class=\"wp-block-heading\">Projekter<\/h2>\n\n\n\n<div style=\"height:20px\" aria-hidden=\"true\" class=\"wp-block-spacer\"><\/div>\n\n\n\n<div class=\"wp-block-columns is-layout-flex wp-container-core-columns-is-layout-9d6595d7 wp-block-columns-is-layout-flex\">\n<div class=\"wp-block-column is-layout-flow wp-block-column-is-layout-flow\">\n<figure class=\"wp-block-image size-large\"><img loading=\"lazy\" decoding=\"async\" width=\"1024\" height=\"768\" src=\"https:\/\/www.folkecenter.net\/wp-content\/uploads\/2022\/07\/Preben_Maegaard_7_2560x1920pix-1024x768.jpg\" alt=\"Preben Maegaard\" class=\"wp-image-4904\" srcset=\"https:\/\/www.folkecenter.net\/wp-content\/uploads\/2022\/07\/Preben_Maegaard_7_2560x1920pix-1024x768.jpg 1024w, https:\/\/www.folkecenter.net\/wp-content\/uploads\/2022\/07\/Preben_Maegaard_7_2560x1920pix-300x225.jpg 300w, https:\/\/www.folkecenter.net\/wp-content\/uploads\/2022\/07\/Preben_Maegaard_7_2560x1920pix-768x576.jpg 768w, https:\/\/www.folkecenter.net\/wp-content\/uploads\/2022\/07\/Preben_Maegaard_7_2560x1920pix-1536x1152.jpg 1536w, https:\/\/www.folkecenter.net\/wp-content\/uploads\/2022\/07\/Preben_Maegaard_7_2560x1920pix-2048x1536.jpg 2048w, https:\/\/www.folkecenter.net\/wp-content\/uploads\/2022\/07\/Preben_Maegaard_7_2560x1920pix-16x12.jpg 16w\" sizes=\"auto, (max-width: 1024px) 100vw, 1024px\" \/><\/figure>\n\n\n\n<div style=\"height:10px\" aria-hidden=\"true\" class=\"wp-block-spacer\"><\/div>\n\n\n\n<figure class=\"wp-block-image size-large\"><img loading=\"lazy\" decoding=\"async\" width=\"1024\" height=\"602\" src=\"https:\/\/www.folkecenter.net\/wp-content\/uploads\/2022\/07\/1619808261890-1024x602.jpg\" alt=\"Preben Maegaard next to Folkecenter's Tvind blade\" class=\"wp-image-4838\" srcset=\"https:\/\/www.folkecenter.net\/wp-content\/uploads\/2022\/07\/1619808261890-1024x602.jpg 1024w, https:\/\/www.folkecenter.net\/wp-content\/uploads\/2022\/07\/1619808261890-300x176.jpg 300w, https:\/\/www.folkecenter.net\/wp-content\/uploads\/2022\/07\/1619808261890-768x451.jpg 768w, https:\/\/www.folkecenter.net\/wp-content\/uploads\/2022\/07\/1619808261890-18x12.jpg 18w, https:\/\/www.folkecenter.net\/wp-content\/uploads\/2022\/07\/1619808261890.jpg 1200w\" sizes=\"auto, (max-width: 1024px) 100vw, 1024px\" \/><\/figure>\n\n\n\n<div style=\"height:10px\" aria-hidden=\"true\" class=\"wp-block-spacer\"><\/div>\n\n\n\n<figure class=\"wp-block-image size-full\"><img loading=\"lazy\" decoding=\"async\" width=\"604\" height=\"393\" src=\"https:\/\/www.folkecenter.net\/wp-content\/uploads\/2022\/07\/Preben5.png\" alt=\"Preben in Mali Folkecenter\" class=\"wp-image-4764\" srcset=\"https:\/\/www.folkecenter.net\/wp-content\/uploads\/2022\/07\/Preben5.png 604w, https:\/\/www.folkecenter.net\/wp-content\/uploads\/2022\/07\/Preben5-300x195.png 300w, https:\/\/www.folkecenter.net\/wp-content\/uploads\/2022\/07\/Preben5-18x12.png 18w\" sizes=\"auto, (max-width: 604px) 100vw, 604px\" \/><\/figure>\n<\/div>\n\n\n\n<div class=\"wp-block-column is-layout-flow wp-block-column-is-layout-flow\">\n<p class=\"myText\">1984 &#8211; 1992: Development of construction manual. Wind turbine, 150, 200, 275 and 525 kW. Corporation development of manufacturing incl. subcontractors.<\/p>\n\n\n\n<p class=\"myText\">1987 &#8211; 1988: Large-scale solar collector for direct heating. Supported by Danish Agency of Industry.<\/p>\n\n\n\n<p class=\"myText\">1987 &#8211; 1989: Local island production and usage. Prototype development. Wind turbine project Bornholm, Denmark, 9 x 99 kW. Local production within the Baltic Power organization.<\/p>\n\n\n\n<p class=\"myText\">1990 &#8211; 1992: Organization of local production of wind power in Poland. Local production organization, building and testing. 95 kW. Supported by Danish Agency of Industry<\/p>\n\n\n\n<p class=\"myText\">1992: Solar technology, Hungary. Technology transfer. Partly local production. Training of local staff.<\/p>\n\n\n\n<p class=\"myText\">1992 &#8211; 1993: University of Pernambuco, Recife, Brazil. Transfer and installation of FC type 75 kW wind turbine for island wind-diesel operation. Supported by Danish Agency of Industry<\/p>\n\n\n\n<p class=\"myText\">1991 &#8211; 1994: Technology transfer of Hydrogen-electrolyze system from Ukraine to Denmark.<\/p>\n\n\n\n<p class=\"myText\">1996 &#8211; 1997: 600 kW wind turbine project in Kaliningrad. Supported by Danish Environmental Protection Agency.<\/p>\n\n\n\n<p class=\"myText\">1998: Home power, Transylvania, Rumania, 3 kW wind turbine and solar cell system. Remote area, stand alone system. Supported by European Commission.<\/p>\n\n\n\n<p class=\"myText\">1997- 1999: 10 kW wind turbine tech to Bayamo, Cuba, Technical University in Havana. Technology transfer, erection and testing. Local production.<\/p>\n\n\n\n<p class=\"myText\">1998: Biogas plant, Kaunas, Lithuania, Development, production, installation and commissioning using local producers. Supported by Danish Environmental Protection Agency.<\/p>\n\n\n\n<p class=\"myText\">2001: Biogas plant, Yubetsu, Japan, Development, production in Denmark. Installation and commissioning using local assistance. Coordination for Kawasaki Engineering.<\/p>\n\n\n\n<p class=\"myText\">1998 &#8211; 2002: Advisor to the President of Mali, Alpha Konar\u00e9. Implementation of village electrification in the Sikasso region. Building and operation of RE training center in Tabaccoro, Mali. Supported by Danida<\/p>\n\n\n\n<p class=\"myText\">1990 &#8211; 1995: Information and marketing of renewable energy and technology transfer of Danish know-how.<\/p>\n\n\n\n<p class=\"myText\">Mobile exhibition campaigns and information to eight East European countries. Committee member in Danish board technology. 1988 &#8211; 1995: Concept development, technology research, project development, coordination and advising of Danish local cogeneration scheme. The target group was local consumer owned district heating associations. Appx. 200 installations with a grand total of 2.700 MW by 1995<\/p>\n<\/div>\n<\/div>\n\n\n\n<div style=\"height:20px\" aria-hidden=\"true\" class=\"wp-block-spacer\"><\/div>\n\n\n\n<h2 class=\"wp-block-heading\">Publikationer<\/h2>\n\n\n\n<div style=\"height:10px\" aria-hidden=\"true\" class=\"wp-block-spacer\"><\/div>\n\n\n\n<h3 class=\"wp-block-heading\">Books &amp; Brochures<\/h3>\n\n\n\n<div style=\"height:20px\" aria-hidden=\"true\" class=\"wp-block-spacer\"><\/div>\n\n\n\n<p class=\"myText\" id=\"myText\">Gorro\u00f1o Albizu L., Maegaard, P., Kruse J. Community Wind Power for the world (available here: <a href=\"http:\/\/folkecenter.eu\/PDF\/Social\/01.Community-Power-for-the-World.pdf\">http:\/\/folkecenter.eu\/PDF\/Social\/01.Community-Power-for-the-World.pdf<\/a> )<\/p>\n\n\n\n<p class=\"myText\" id=\"myText\">Beuse, E.; Boldt, J.; Maegaard, P.; Meyer, N.I.; Windeleff, J.; Ostergaard, I. (2000) <em>Vedvarende energi i Danmark. En kr\u00f8nike om 25 opv\u00e6kst\u00e5r 1975 \u2013 2000<\/em>, OVE\u2019s Forlag; Aarhus<\/p>\n\n\n\n<p class=\"myText\" id=\"myText\">Maegaard, P.; Kruse, J. (2001) <em>Energien fra Thy. Fra de lokale til det globale<\/em>, Nordvestjysk Folkecenter for Vedvarende Energi; Hurup Thy<\/p>\n\n\n\n<p id=\"myText\">Maegaard, P. (2003) <em>Wind Energy for the Future<\/em>, Keynote paper prepared for the 13th Islamic Academy of Science, IAS, Conference; Kuching, Malaysia<\/p>\n\n\n\n<p id=\"myText\">El Bassam, N.; Maegaard, P. (2004) <em>Integrated Renewable Energy for Rural Communities<\/em>, ELSEVIER; Amsterdam and London.<\/p>\n\n\n\n<p id=\"myText\">Maegaard, P. (2004) <em>Die Kraft der Sonne in den Dienst der Menschheit stellen<\/em>. In Hermann Scheer. Praktische Visionen, Ponte Press; Bochum<\/p>\n\n\n\n<p id=\"myText\">Maegaard, P. (2004) Laudatio for Dr. Hermann Scheer, The WORLD WIND ENERGY AWARD, WWEC2004; Beijing<\/p>\n\n\n\n<p id=\"myText\">E Thybo Andersen, Finn; Maegaard, Preben: (2006) Byvandringer 1968 \u00a4 Bykulturen ved vejs ende, YNKB TEMA 12; K\u00f8benhavn, ISSN 1602-2815<\/p>\n\n\n\n<p id=\"myText\">Maegaard, P., (2010) &#8220;<em>Wind Energy Development and Application Prospects, of Non-Grid-Connected Wind Power,&#8221;<\/em> in: Proceedings of 2009 World Non-Grid-Connected Wind, Power and Energy Conference. IEEE Press.<\/p>\n\n\n\n<p id=\"myText\">Maegaard, P.: (2012) &#8220;<em>Integrated Systems to Reduce Global Warming<\/em>&#8221; in &#8220;Handbook of Climate Mitigation&#8221;, Vol IV, Springer Science, New York<\/p>\n\n\n\n<p id=\"myText\">El Bassam, N., Maegaard, P., Schlichting, M.L., (2013) &#8220;<em>Distributed Renewable Energies for Off-Grid Communities,&#8221; <\/em>Elsevier Science, New York<\/p>\n\n\n\n<p id=\"myText\">Maegaard, P., Palz, W., Krenz, A.: (2013) <em>&#8220;Power for the World, The Rise of Modern Wind Energy<\/em>&#8220;, Vol 2, Part I, Pan Stanford, Singapore<\/p>\n\n\n\n<p id=\"myText\">Maegaard, P., Palz, W., Krenz, A.: (2013) <em>&#8220;Power for the World, International Reviews and Developments\u201c,<\/em>Vol 2, Part II, Pan Stanford, Singapore<\/p>\n\n\n<div class=\"wp-block-image\">\n<figure class=\"aligncenter size-full\"><img loading=\"lazy\" decoding=\"async\" width=\"1920\" height=\"1080\" src=\"https:\/\/www.folkecenter.net\/wp-content\/uploads\/2022\/07\/Publication-mix-Preben.png\" alt=\"Publication mix Preben Maegaard\" class=\"wp-image-4991\" srcset=\"https:\/\/www.folkecenter.net\/wp-content\/uploads\/2022\/07\/Publication-mix-Preben.png 1920w, https:\/\/www.folkecenter.net\/wp-content\/uploads\/2022\/07\/Publication-mix-Preben-300x169.png 300w, https:\/\/www.folkecenter.net\/wp-content\/uploads\/2022\/07\/Publication-mix-Preben-1024x576.png 1024w, https:\/\/www.folkecenter.net\/wp-content\/uploads\/2022\/07\/Publication-mix-Preben-768x432.png 768w, https:\/\/www.folkecenter.net\/wp-content\/uploads\/2022\/07\/Publication-mix-Preben-1536x864.png 1536w, https:\/\/www.folkecenter.net\/wp-content\/uploads\/2022\/07\/Publication-mix-Preben-18x10.png 18w\" sizes=\"auto, (max-width: 1920px) 100vw, 1920px\" \/><\/figure><\/div>\n\n\n<h3 class=\"wp-block-heading\">Articles<\/h3>\n\n\n\n<div style=\"height:20px\" aria-hidden=\"true\" class=\"wp-block-spacer\"><\/div>\n\n\n\n<div class=\"wp-block-columns is-layout-flex wp-container-core-columns-is-layout-9d6595d7 wp-block-columns-is-layout-flex\">\n<div class=\"wp-block-column is-layout-flow wp-block-column-is-layout-flow\">\n<h4 class=\"wp-block-heading\">Energy<\/h4>\n\n\n\n<ul class=\"wp-block-list\">\n<li><strong>Gr\u00f8n energi skaber aktivitet og besk\u00e6ftigelse<\/strong>, by Preben Maegaard and Jane Kruse (in Danish)<\/li>\n\n\n\n<li><strong>Founding the International Renewable Energy Agency -IRENA<\/strong>, presentation by Preben Maegaard (in English)<\/li>\n\n\n\n<li><strong>Hvem sagde energiby?<\/strong> by Preben Maegaard (in Danish)<\/li>\n\n\n\n<li><strong>Transition to Energy Efficient Supply of Heat and Power<\/strong>, by Preben Maegaard, December 2007 (in english)<\/li>\n\n\n\n<li><strong>Energy Security in Africa with Renewable Energy<\/strong>, by Preben Maegaard (in English)<\/li>\n\n\n\n<li><strong>100% lokalteje er absolut realistisk<\/strong>, by Jane Kruse &amp; Preben Maegaard, January 2008 (in Danish)<\/li>\n\n\n\n<li><strong>Levende hav<\/strong>, Indl\u00e6g, Preben Maegaard, 8. december 2007 (in Danish)<\/li>\n\n\n\n<li><strong>Nej til fossile br\u00e6ndsler. Ja til vedvarende energi og energieffektivitet!<\/strong> (in Danish)<\/li>\n\n\n\n<li><strong>Energiforsyningen tilbage til borgerne,<\/strong> by Jane Kruse, 18. November 2007 (in Danish)<\/li>\n\n\n\n<li><strong>Transition to Energy Efficient Supply of Heat and Power<\/strong>, CHP in Denmark 1990-2001 (in English)<\/li>\n\n\n\n<li><strong>Brug overl\u00f8bsstr\u00f8mmen til billig varme<\/strong>, Debatindl\u00e6g sendt til Jyllands-Posten, oktober 2007 (in Danish)<\/li>\n\n\n\n<li><strong>Vedvarende energi skal v\u00e6re lokalt forbrugereje<\/strong>, Debatindl\u00e6g sendt til Nordjyske, 8. oktober 2007 (in Danish)<\/li>\n\n\n\n<li><strong>\u00c6rlig omstilling til gr\u00f8n togdrift<\/strong>, Debatindl\u00e6g sendt til Ingeni\u00f8ren, oktober 2007 (in Danish)<\/li>\n\n\n\n<li><strong>Har Danmark m\u00e5ske interesser indenfor atomkraft?<\/strong>, Debatindl\u00e6g sendt til Berlingske Tidende, februar 2007 (in Danish)<\/li>\n\n\n\n<li><strong>Atomkraft h\u00f8rer til p\u00e5 teknisk museum, <\/strong>Debatindl\u00e6g bragt i Ingeni\u00f8ren. (in Danish)<\/li>\n\n\n\n<li><strong>The Energy Shop<\/strong>, by Preben Maegaard (in English)<\/li>\n\n\n\n<li><strong>Alle skal betale for den gr\u00f8nne str\u00f8m<\/strong>, til nordjyske 24.4.2007 (in Danish)<\/li>\n\n\n\n<li><strong>Vedvarende energi kr\u00e6ver nye politiske koste<\/strong>, Debatindl\u00e6g sendt til Nordjyske, januar 2007 (in Danish)<\/li>\n\n\n\n<li><strong>Dr\u00f8mmen om den sikre og billige atomkraft vil ikke d\u00f8, <\/strong>(in Danish)<\/li>\n\n\n\n<li><strong>Vil regeringen have atomkraft eller vedvarende energi?<\/strong>, 2004 (in Danish)<\/li>\n\n\n\n<li><strong>Self-sufficient community, windmills in Sydthy<\/strong>, by Jane Kruse and Preben Maegaard, August 2002 (in English)<\/li>\n<\/ul>\n\n\n\n<p><\/p>\n\n\n\n<div style=\"height:20px\" aria-hidden=\"true\" class=\"wp-block-spacer\"><\/div>\n\n\n\n<h4 class=\"wp-block-heading\">Vindenergi<\/h4>\n\n\n\n<ul class=\"myText wp-block-list\">\n<li><strong>Wind Energy Development and Application Prospects of Non-Grid-Connected Wind Power <\/strong>by Preben Maegaard (conference article, in English)<\/li>\n\n\n\n<li><strong>Die Fl\u00fcgel sind der Kern des Ganzen, <\/strong>by Preben Maegaard (in German)<\/li>\n\n\n\n<li><strong>Successful implementation of wind power, <\/strong>by Preben Maegaard (in English)<\/li>\n\n\n\n<li><strong>Denmark: Wind Leader in Stand-By, <\/strong>by Preben Maegaard, Article for European Sustainable Energy (in English)<\/li>\n\n\n\n<li><strong>Towards a New Wind Energy Promotion Policy, <\/strong>Abstractby Preben Maegaard, WWEC 2008 (in English)<\/li>\n\n\n\n<li><strong>En ny vindm\u00f8llepoliti, <\/strong>by Jane Kruse &amp; Preben Maegaard, February 2008 (in Danish)<\/li>\n\n\n\n<li><strong>Fremtidens vindm\u00f8ller skal ejes almennyttigt, <\/strong>by Jane Kruse, 4. December 2007 (in danish)<\/li>\n\n\n\n<li><strong>Tendenti\u00f8s rapport om overl\u00f8bsstr\u00f8m fra vindm\u00f8ller, <\/strong>Debatindl\u00e6g bragt i Information, September 2007 (in Danish)<\/li>\n\n\n\n<li><strong>Vindm\u00f8llernes folkelige forfald, <\/strong>by Jane Kruse and Preben Maegaard, September 2007 (in Danish)<\/li>\n\n\n\n<li><strong>Vindm\u00f8llestatistik, <\/strong>Debatindl\u00e6g sendt til Politiken, april 2007 (in Danish)<\/li>\n\n\n\n<li><strong>Vindkraft i Thy, <\/strong>Debatindl\u00e6g sendt til Nordjyske, marts 2007 (in Danish)<\/li>\n\n\n\n<li><strong>Vindkraft skal v\u00e6re offentlig forsyningsvirksomhed og ikke et investeringsprojekt, <\/strong>Debatindl\u00e6g sendt til Naturlig Energi, marts 2007 (in Danish)<\/li>\n\n\n\n<li><strong>Danmarks vindm\u00f8lleindustri under internationalt pres, <\/strong>Debatindl\u00e6g sendt til Ingeni\u00f8ren, februar 2007 (in Danish)<\/li>\n\n\n\n<li><strong>Fremtidens muligheder i stedet for fortidens fejl, <\/strong>Debatindl\u00e6g sendt til Berlingske Tidende (in Danish)<\/li>\n\n\n\n<li><strong>Vindkraft skal v\u00e6re offentlig forsyningsvirksomhed og ikke et investeringsobjekt., <\/strong>March 2007, for Naturlig Energi (in Danish)<\/li>\n\n\n\n<li><strong>M\u00e5 den ansvarlige borger s\u00e6tte sm\u00e5 m\u00f8ller op?, &nbsp;<\/strong>L\u00e6serbrev til Thisted Dagblad, november 2006 (in Danish)<\/li>\n\n\n\n<li><strong>Tre vinger, et gear, et t\u00e5rn og du har en vindm\u00f8lle, <\/strong>by Preben Maegaard, 2004 (in Danish)<\/li>\n\n\n\n<li><strong>The Driving Forces of the Worldwide Implementation of Wind Energy, <\/strong>by Preben Maegaard, October 2004 (in English)<\/li>\n<\/ul>\n\n\n\n<div style=\"height:20px\" aria-hidden=\"true\" class=\"wp-block-spacer\"><\/div>\n\n\n\n<h4 class=\"wp-block-heading\">Brint<\/h4>\n<\/div>\n<\/div>\n\n\n\n<ul class=\"wp-block-list\">\n<li><strong>Three times as many wind turbines with hydrogen busses <\/strong>(in English)<\/li>\n\n\n\n<li><strong>Brint\u00f8konomi som vejen til atomkraft, <\/strong>Debatindl\u00e6g sendt til Ingeni\u00f8ren. (in Danish)<\/li>\n<\/ul>\n\n\n\n<div style=\"height:20px\" aria-hidden=\"true\" class=\"wp-block-spacer\"><\/div>\n\n\n\n<h4 class=\"wp-block-heading\">Solar energy<\/h4>\n\n\n\n<ul class=\"wp-block-list\">\n<li><strong>Die Kraft der Sonne in den Dienst der Menschheit stellen, <\/strong>by Preben Maegaard, 2004 (in German)<\/li>\n\n\n\n<li><strong>Politiske rammebetingelser for udbygning med solceller i Tyskland, markeds- og besk\u00e6ftigelsesudviklingen samt de globale perspektiver<\/strong>,2006 (in Danish)<\/li>\n\n\n\n<li><strong>Politiske rammebetingelser for udbygning med solceller i Tyskland, markeds- og besk\u00e6ftigelsesudviklingen samt de globale perspektiver<\/strong>,Tilsendt Folketingets Energipolitiske Udvalg den 21. juni 2006 (in Danish)<\/li>\n<\/ul>\n\n\n\n<div style=\"height:20px\" aria-hidden=\"true\" class=\"wp-block-spacer\"><\/div>\n\n\n\n<h4 class=\"wp-block-heading\">Biogas<\/h4>\n\n\n\n<ul class=\"wp-block-list\">\n<li><strong>Gennembrud for biogas til landbruget, <\/strong>ca. 1996 (in Danish)<\/li>\n<\/ul>\n\n\n\n<div style=\"height:20px\" aria-hidden=\"true\" class=\"wp-block-spacer\"><\/div>\n\n\n\n<h4 class=\"wp-block-heading\">Politics &amp; Law<\/h4>\n\n\n\n<ul class=\"wp-block-list\">\n<li><strong>Status for IRENA, <\/strong>November 2007 (in Danish)<\/li>\n\n\n\n<li><strong>Samfundseje af vedvarende energi, <\/strong>January 2007 (in Danish)<\/li>\n\n\n\n<li><strong>Vedvarende energi kr\u00e6ver nye politiske koste, <\/strong>Debatindl\u00e6g sendt til Nordjyske, januar 2007 (in Danish)<\/li>\n\n\n\n<li><strong>German Renewable Energy Law and its Innovative Tariff Principles. <\/strong>2001 (English version)<\/li>\n<\/ul>\n\n\n\n<div style=\"height:20px\" aria-hidden=\"true\" class=\"wp-block-spacer\"><\/div>\n\n\n\n<h4 class=\"wp-block-heading\">Arkitektur<\/h4>\n\n\n\n<ul class=\"wp-block-list\">\n<li><strong>Hvad er et passiv hus, <\/strong>Bliver bragt i Ingeni\u00f8ren januar 2007 (in Danish)<\/li>\n<\/ul>\n\n\n\n<div style=\"height:20px\" aria-hidden=\"true\" class=\"wp-block-spacer\"><\/div>\n\n\n\n<h4 class=\"wp-block-heading\">Various<\/h4>\n\n\n\n<ul class=\"wp-block-list\">\n<li><strong>Stig Vindeloev In Memoriam, <\/strong>by Preben Maegaard<\/li>\n\n\n\n<li><strong>Landdistrikterne i Thy skal ikke afvikles, <\/strong>by Jane Kruse (in Danish)<\/li>\n\n\n\n<li><strong>Laudatio for Dr. Hermann Scheer by Preben Maegaard, &nbsp;<\/strong>2004 (English version)<\/li>\n<\/ul>\n\n\n\n<div style=\"height:20px\" aria-hidden=\"true\" class=\"wp-block-spacer\"><\/div>\n\n\n\n<h2 class=\"wp-block-heading\">Lectures<\/h2>\n\n\n\n<div style=\"height:20px\" aria-hidden=\"true\" class=\"wp-block-spacer\"><\/div>\n\n\n\n<p>Text<\/p>\n\n\n\n<figure class=\"wp-block-embed is-type-video is-provider-youtube wp-block-embed-youtube wp-embed-aspect-16-9 wp-has-aspect-ratio\"><div class=\"wp-block-embed__wrapper\">\n<iframe loading=\"lazy\" title=\"Vind Historie, Preben Maegaard, Nordisk Folkecenter for Vedvarende Energi\" width=\"800\" height=\"450\" src=\"https:\/\/www.youtube.com\/embed\/JEWR1X4biWE?start=6&#038;feature=oembed\" frameborder=\"0\" allow=\"accelerometer; autoplay; clipboard-write; encrypted-media; gyroscope; picture-in-picture; web-share\" allowfullscreen><\/iframe>\n<\/div><\/figure>\n\n\n\n<div style=\"height:20px\" aria-hidden=\"true\" class=\"wp-block-spacer\"><\/div>\n\n\n\n<h2 class=\"wp-block-heading has-white-color has-text-color\">Charges<\/h2>\n\n\n\n<div style=\"height:20px\" aria-hidden=\"true\" class=\"wp-block-spacer\"><\/div>\n\n\n\n<p class=\"has-white-color has-text-color\">Text<\/p>\n\n\n\n<div style=\"height:20px\" aria-hidden=\"true\" class=\"wp-block-spacer\"><\/div>\n\n\n\n<h2 class=\"wp-block-heading has-white-color has-text-color\">Awards<\/h2>\n\n\n\n<div style=\"height:20px\" aria-hidden=\"true\" class=\"wp-block-spacer\"><\/div>\n\n\n\n<p class=\"has-white-color has-text-color\">Text<\/p>\n\n\n\n<div style=\"height:20px\" aria-hidden=\"true\" class=\"wp-block-spacer\"><\/div>\n\n\n\n<div style=\"height:100px\" aria-hidden=\"true\" class=\"wp-block-spacer\"><\/div>","protected":false},"excerpt":{"rendered":"<p>Preben Maegaard Home \/ About us \/ Preben Maegaard Preben Maegaard, born 1935, was a Danish renewable energy pioneer, author and expert. Since the oil crisis in 1974, he has &#8230;<\/p>","protected":false},"author":1,"featured_media":0,"parent":0,"menu_order":0,"comment_status":"closed","ping_status":"closed","template":"","meta":{"_uag_custom_page_level_css":"","footnotes":""},"folder":[],"class_list":["post-4893","page","type-page","status-publish","hentry"],"uagb_featured_image_src":{"full":false,"thumbnail":false,"medium":false,"medium_large":false,"large":false,"1536x1536":false,"2048x2048":false,"trp-custom-language-flag":false,"mgb-medium":false,"mgb-vertical":false,"mgb-banner":false,"onepress-blog-small":false,"onepress-small":false,"onepress-medium":false},"uagb_author_info":{"display_name":"admin","author_link":"http:\/\/www.folkecenter.net\/da\/author\/admin\/"},"uagb_comment_info":0,"uagb_excerpt":"Preben Maegaard Home \/ About us \/ Preben Maegaard Preben Maegaard, born 1935, was a Danish renewable energy pioneer, author and expert. Since the oil crisis in 1974, he has ...","_links":{"self":[{"href":"http:\/\/www.folkecenter.net\/da\/wp-json\/wp\/v2\/pages\/4893","targetHints":{"allow":["GET"]}}],"collection":[{"href":"http:\/\/www.folkecenter.net\/da\/wp-json\/wp\/v2\/pages"}],"about":[{"href":"http:\/\/www.folkecenter.net\/da\/wp-json\/wp\/v2\/types\/page"}],"author":[{"embeddable":true,"href":"http:\/\/www.folkecenter.net\/da\/wp-json\/wp\/v2\/users\/1"}],"replies":[{"embeddable":true,"href":"http:\/\/www.folkecenter.net\/da\/wp-json\/wp\/v2\/comments?post=4893"}],"version-history":[{"count":0,"href":"http:\/\/www.folkecenter.net\/da\/wp-json\/wp\/v2\/pages\/4893\/revisions"}],"wp:attachment":[{"href":"http:\/\/www.folkecenter.net\/da\/wp-json\/wp\/v2\/media?parent=4893"}],"wp:term":[{"taxonomy":"folder","embeddable":true,"href":"http:\/\/www.folkecenter.net\/da\/wp-json\/wp\/v2\/folder?post=4893"}],"curies":[{"name":"wp","href":"https:\/\/api.w.org\/{rel}","templated":true}]}}