{"id":3051,"date":"2022-05-31T13:24:05","date_gmt":"2022-05-31T13:24:05","guid":{"rendered":"https:\/\/www.folkecenter.eu\/Trial-CMS6\/?page_id=3051"},"modified":"2024-09-09T13:34:06","modified_gmt":"2024-09-09T11:34:06","slug":"un-goals-in-folkecenter","status":"publish","type":"page","link":"http:\/\/www.folkecenter.net\/da\/un-goals-in-folkecenter\/","title":{"rendered":"FN's Verdensm\u00e5l p\u00e5 Nordisk Folkecenter"},"content":{"rendered":"<h1 class=\"wp-block-heading has-text-align-center\"><strong>VERDENSM\u00c5L P\u00c5 NORDISK FOLKECENTER<\/strong><\/h1>\n\n\n\n<p><\/p>\n\n\n<div class=\"wp-block-image\">\n<figure class=\"alignleft size-full\"><img loading=\"lazy\" decoding=\"async\" width=\"2318\" height=\"1180\" src=\"https:\/\/www.folkecenter.net\/wp-content\/uploads\/2022\/07\/FN-Verdensmaal-plakat-RGB-DK.png\" alt=\"Sustainable development goals\" class=\"wp-image-3064\" srcset=\"https:\/\/www.folkecenter.net\/wp-content\/uploads\/2022\/07\/FN-Verdensmaal-plakat-RGB-DK.png 4961w, https:\/\/www.folkecenter.net\/wp-content\/uploads\/2022\/07\/FN-Verdensmaal-plakat-RGB-DK-300x212.png 300w, https:\/\/www.folkecenter.net\/wp-content\/uploads\/2022\/07\/FN-Verdensmaal-plakat-RGB-DK-1024x724.png 1024w, https:\/\/www.folkecenter.net\/wp-content\/uploads\/2022\/07\/FN-Verdensmaal-plakat-RGB-DK-768x543.png 768w, https:\/\/www.folkecenter.net\/wp-content\/uploads\/2022\/07\/FN-Verdensmaal-plakat-RGB-DK-1536x1086.png 1536w, https:\/\/www.folkecenter.net\/wp-content\/uploads\/2022\/07\/FN-Verdensmaal-plakat-RGB-DK-2048x1448.png 2048w, https:\/\/www.folkecenter.net\/wp-content\/uploads\/2022\/07\/FN-Verdensmaal-plakat-RGB-DK-18x12.png 18w\" sizes=\"auto, (max-width: 2318px) 100vw, 2318px\" \/><\/figure><\/div>\n\n\n<div style=\"height:70px\" aria-hidden=\"true\" class=\"wp-block-spacer\"><\/div>\n\n\n\n<div class=\"wp-block-group is-nowrap is-layout-flex wp-container-core-group-is-layout-ad2f72ca wp-block-group-is-layout-flex\">\n<div class=\"wp-block-columns is-layout-flex wp-container-core-columns-is-layout-9d6595d7 wp-block-columns-is-layout-flex\">\n<div class=\"wp-block-column is-layout-flow wp-block-column-is-layout-flow\" style=\"flex-basis:33.33%\"><div class=\"wp-block-image\">\n<figure class=\"aligncenter size-full is-resized\"><img loading=\"lazy\" decoding=\"async\" width=\"700\" height=\"700\" src=\"https:\/\/www.folkecenter.net\/wp-content\/uploads\/2022\/07\/Verdensmaal-ikon-01.png\" alt=\"SDG 1\" class=\"wp-image-3053\" style=\"width:250px;height:250px\" srcset=\"https:\/\/www.folkecenter.net\/wp-content\/uploads\/2022\/07\/Verdensmaal-ikon-01.png 1654w, https:\/\/www.folkecenter.net\/wp-content\/uploads\/2022\/07\/Verdensmaal-ikon-01-300x300.png 300w, https:\/\/www.folkecenter.net\/wp-content\/uploads\/2022\/07\/Verdensmaal-ikon-01-1024x1024.png 1024w, https:\/\/www.folkecenter.net\/wp-content\/uploads\/2022\/07\/Verdensmaal-ikon-01-150x150.png 150w, https:\/\/www.folkecenter.net\/wp-content\/uploads\/2022\/07\/Verdensmaal-ikon-01-768x768.png 768w, https:\/\/www.folkecenter.net\/wp-content\/uploads\/2022\/07\/Verdensmaal-ikon-01-1536x1536.png 1536w, https:\/\/www.folkecenter.net\/wp-content\/uploads\/2022\/07\/Verdensmaal-ikon-01-12x12.png 12w, https:\/\/www.folkecenter.net\/wp-content\/uploads\/2022\/07\/Verdensmaal-ikon-01-600x600.png 600w\" sizes=\"auto, (max-width: 700px) 100vw, 700px\" \/><\/figure><\/div><\/div>\n\n\n\n<div class=\"wp-block-column is-layout-flow wp-block-column-is-layout-flow\" style=\"flex-basis:66.66%\">\n<h2 class=\"wp-block-heading\">1. Verdensm\u00e5l: Afskaf fattigdom<\/h2>\n\n\n\n<p class=\"myText\">P\u00e5 Nordisk Folkecenter er der udviklet en meget kraftfuld opfindelse: Solgeneratoren. Denne enhed omdanner j\u00e6vnstr\u00f8m, som kommer fra solpaneler til vekselstr\u00f8m, som dermed kan bruges til elektriske apparater (det kan du opleve ved siden af \u200b\u200bhovedbygningen p\u00e5 Nordisk Folkecenter, hvor \"Caf\u00e9 Solaire ligger). Planerne er at videreudvikle solgeneratoren op til en kapacitet p\u00e5 3-5 kW, hvilket betyder, at den har potentiale til at bringe vigtige m\u00e6ngder elektricitet til landlige samfund og landsbyer i Afrika og i andre udviklingslande. Det vil med tiden reducere fattigdom. Takket v\u00e6re elektricitet er der langt flere muligheder b\u00e5de for at arbejde og for at \u00f8ge livskvaliteten i familier.<\/p>\n\n\n\n<div class=\"wp-block-buttons is-layout-flex wp-block-buttons-is-layout-flex\">\n<div class=\"wp-block-button is-style-fill\"><a class=\"wp-block-button__link wp-element-button\" href=\"https:\/\/www.folkecenter.net\/da\/sun-generator\/\" style=\"border-radius:5px\">Solgenerator<\/a><\/div>\n<\/div>\n<\/div>\n<\/div>\n\n\n\n<div style=\"height:20px;width:0px\" aria-hidden=\"true\" class=\"wp-block-spacer wp-container-content-62aae154\"><\/div>\n<\/div>\n\n\n\n<hr class=\"wp-block-separator has-alpha-channel-opacity is-style-wide\"\/>\n\n\n\n<div style=\"height:30px\" aria-hidden=\"true\" class=\"wp-block-spacer\"><\/div>\n\n\n\n<div class=\"wp-block-group is-nowrap is-layout-flex wp-container-core-group-is-layout-ad2f72ca wp-block-group-is-layout-flex\">\n<div class=\"wp-block-columns is-layout-flex wp-container-core-columns-is-layout-9d6595d7 wp-block-columns-is-layout-flex\">\n<div class=\"wp-block-column is-layout-flow wp-block-column-is-layout-flow\" style=\"flex-basis:33.33%\"><div class=\"wp-block-image\">\n<figure class=\"aligncenter size-full is-resized\"><img loading=\"lazy\" decoding=\"async\" width=\"700\" height=\"700\" src=\"https:\/\/www.folkecenter.net\/wp-content\/uploads\/2022\/07\/Verdensmaal-ikon-03.png\" alt=\"SDG 3\" class=\"wp-image-3054\" style=\"width:250px;height:250px\" srcset=\"https:\/\/www.folkecenter.net\/wp-content\/uploads\/2022\/07\/Verdensmaal-ikon-03.png 1654w, https:\/\/www.folkecenter.net\/wp-content\/uploads\/2022\/07\/Verdensmaal-ikon-03-300x300.png 300w, https:\/\/www.folkecenter.net\/wp-content\/uploads\/2022\/07\/Verdensmaal-ikon-03-1024x1024.png 1024w, https:\/\/www.folkecenter.net\/wp-content\/uploads\/2022\/07\/Verdensmaal-ikon-03-150x150.png 150w, https:\/\/www.folkecenter.net\/wp-content\/uploads\/2022\/07\/Verdensmaal-ikon-03-768x768.png 768w, https:\/\/www.folkecenter.net\/wp-content\/uploads\/2022\/07\/Verdensmaal-ikon-03-1536x1536.png 1536w, https:\/\/www.folkecenter.net\/wp-content\/uploads\/2022\/07\/Verdensmaal-ikon-03-12x12.png 12w, https:\/\/www.folkecenter.net\/wp-content\/uploads\/2022\/07\/Verdensmaal-ikon-03-600x600.png 600w\" sizes=\"auto, (max-width: 700px) 100vw, 700px\" \/><\/figure><\/div><\/div>\n\n\n\n<div class=\"wp-block-column is-layout-flow wp-block-column-is-layout-flow\" style=\"flex-basis:66.66%\">\n<h2 class=\"wp-block-heading\">3. Verdensm\u00e5l: Sundhed og trivsel<\/h2>\n\n\n\n<p class=\"myText\">Her p\u00e5 Nordisk Folkecenter kan du finde en udstilling af br\u00e6ndeovne, som er udviklet til husholdninger i Afrika, fordi familier ofte bruger \u00e5ben ild i huset, hvilket er farligt og ekstremt sundhedsskadeligt. Derudover kan solgeneratoren ogs\u00e5 bruges til madlavning, hvilket giver et helt ild- og r\u00f8gfrit milj\u00f8.<\/p>\n\n\n\n<p class=\"myText\">Folkecenteret har ogs\u00e5 et testlokale, Lys Laboratoriet, som er \u00bc af et typisk klassev\u00e6relse i Afrika. Der tester vi, hvordan man belyser rummet mest effektivt med lysdioder, s\u00e5 det laveste elforbrug opn\u00e5s. Ved at bruge LED undg\u00e5r vi desuden brugen af \u200b\u200bolielamper, som udsender d\u00e5rligt lys og en h\u00f8j m\u00e6ngde af skadelige stoffer. Disse olielamper skal ikke kun udskiftes i klassev\u00e6relser, men ogs\u00e5 i husholdninger, hvor lamperne bruges til at l\u00e6se, skrive eller blot oplyse rummet. Folkecenteret forsker i \u00f8jeblikket i alle disse applikationer.<\/p>\n\n\n\n<div class=\"wp-block-group is-content-justification-center is-nowrap is-layout-flex wp-container-core-group-is-layout-94bc23d7 wp-block-group-is-layout-flex\">\n<div class=\"wp-block-buttons is-layout-flex wp-block-buttons-is-layout-flex\">\n<div class=\"wp-block-button\"><a class=\"wp-block-button__link wp-element-button\" href=\"https:\/\/www.folkecenter.net\/da\/sun-generator\/\" style=\"border-radius:5px\">Solgenerator<\/a><\/div>\n<\/div>\n\n\n\n<div class=\"wp-block-buttons is-layout-flex wp-block-buttons-is-layout-flex\">\n<div class=\"wp-block-button\"><a class=\"wp-block-button__link wp-element-button\" href=\"https:\/\/www.folkecenter.net\/da\/more-light-led-technology\/\" style=\"border-radius:5px\">Lys Laboratoriet<\/a><\/div>\n<\/div>\n<\/div>\n<\/div>\n<\/div>\n\n\n\n<div style=\"height:20px;width:0px\" aria-hidden=\"true\" class=\"wp-block-spacer wp-container-content-62aae154\"><\/div>\n<\/div>\n\n\n\n<hr class=\"wp-block-separator has-alpha-channel-opacity is-style-wide\"\/>\n\n\n\n<div style=\"height:30px\" aria-hidden=\"true\" class=\"wp-block-spacer\"><\/div>\n\n\n\n<div class=\"wp-block-group is-nowrap is-layout-flex wp-container-core-group-is-layout-ad2f72ca wp-block-group-is-layout-flex\">\n<div class=\"wp-block-columns is-layout-flex wp-container-core-columns-is-layout-9d6595d7 wp-block-columns-is-layout-flex\">\n<div class=\"wp-block-column is-layout-flow wp-block-column-is-layout-flow\" style=\"flex-basis:33.33%\"><div class=\"wp-block-image\">\n<figure class=\"aligncenter size-full is-resized\"><img loading=\"lazy\" decoding=\"async\" width=\"700\" height=\"700\" src=\"https:\/\/www.folkecenter.net\/wp-content\/uploads\/2022\/07\/Verdensmaal-ikon-04.png\" alt=\"SDG 4\" class=\"wp-image-3055\" style=\"width:250px;height:250px\" srcset=\"https:\/\/www.folkecenter.net\/wp-content\/uploads\/2022\/07\/Verdensmaal-ikon-04.png 1654w, https:\/\/www.folkecenter.net\/wp-content\/uploads\/2022\/07\/Verdensmaal-ikon-04-300x300.png 300w, https:\/\/www.folkecenter.net\/wp-content\/uploads\/2022\/07\/Verdensmaal-ikon-04-1024x1024.png 1024w, https:\/\/www.folkecenter.net\/wp-content\/uploads\/2022\/07\/Verdensmaal-ikon-04-150x150.png 150w, https:\/\/www.folkecenter.net\/wp-content\/uploads\/2022\/07\/Verdensmaal-ikon-04-768x768.png 768w, https:\/\/www.folkecenter.net\/wp-content\/uploads\/2022\/07\/Verdensmaal-ikon-04-1536x1536.png 1536w, https:\/\/www.folkecenter.net\/wp-content\/uploads\/2022\/07\/Verdensmaal-ikon-04-12x12.png 12w, https:\/\/www.folkecenter.net\/wp-content\/uploads\/2022\/07\/Verdensmaal-ikon-04-600x600.png 600w\" sizes=\"auto, (max-width: 700px) 100vw, 700px\" \/><\/figure><\/div><\/div>\n\n\n\n<div class=\"wp-block-column is-layout-flow wp-block-column-is-layout-flow\" style=\"flex-basis:66.66%\">\n<h2 class=\"wp-block-heading\">4. Verdensm\u00e5l: Kvalitetsuddannelse<\/h2>\n\n\n\n<p class=\"myText\">Folkecenteret giver mulighed for at deltage i et tainee forl\u00f8b, som er \u00e5bent for alle, der har interesse for vedvarende energi, uanset uddannelsesbaggrund. I forl\u00f8bet kan folk l\u00e6re om vedvarende energi inden for en periode fra et par uger op til seks m\u00e5neder eller mere. Ydermere gennemf\u00f8res der yderligere organiserede og on-demand undervisningsaktiviteter \u00e5ret rundt. Nordisk Folkecenter tilbyder ogs\u00e5 videnoverf\u00f8rsel i b\u00e5de udviklede og udviklingslande med det form\u00e5l at udbrede viden om vedvarende energiteknologier.<\/p>\n\n\n\n<p class=\"myText\">Alle disse programmer er tilg\u00e6ngelige for alle -  uden forskelsbehandling.<\/p>\n\n\n\n<div class=\"wp-block-buttons is-layout-flex wp-block-buttons-is-layout-flex\">\n<div class=\"wp-block-button\"><a class=\"wp-block-button__link wp-element-button\" href=\"https:\/\/www.folkecenter.net\/da\/meet-the-trainee\/\" style=\"border-radius:5px\">M\u00f8d vores trainees<\/a><\/div>\n<\/div>\n<\/div>\n<\/div>\n\n\n\n<div style=\"height:20px;width:0px\" aria-hidden=\"true\" class=\"wp-block-spacer wp-container-content-62aae154\"><\/div>\n<\/div>\n\n\n\n<hr class=\"wp-block-separator has-alpha-channel-opacity is-style-wide\"\/>\n\n\n\n<div style=\"height:30px\" aria-hidden=\"true\" class=\"wp-block-spacer\"><\/div>\n\n\n\n<div class=\"wp-block-group is-nowrap is-layout-flex wp-container-core-group-is-layout-ad2f72ca wp-block-group-is-layout-flex\">\n<div class=\"wp-block-columns is-layout-flex wp-container-core-columns-is-layout-9d6595d7 wp-block-columns-is-layout-flex\">\n<div class=\"wp-block-column is-layout-flow wp-block-column-is-layout-flow\" style=\"flex-basis:33.33%\"><div class=\"wp-block-image\">\n<figure class=\"aligncenter size-full is-resized\"><img loading=\"lazy\" decoding=\"async\" width=\"700\" height=\"700\" src=\"https:\/\/www.folkecenter.net\/wp-content\/uploads\/2022\/07\/Verdensmaal-ikon-05.png\" alt=\"SDG 5\" class=\"wp-image-3056\" style=\"width:250px;height:250px\" srcset=\"https:\/\/www.folkecenter.net\/wp-content\/uploads\/2022\/07\/Verdensmaal-ikon-05.png 1654w, https:\/\/www.folkecenter.net\/wp-content\/uploads\/2022\/07\/Verdensmaal-ikon-05-300x300.png 300w, https:\/\/www.folkecenter.net\/wp-content\/uploads\/2022\/07\/Verdensmaal-ikon-05-1024x1024.png 1024w, https:\/\/www.folkecenter.net\/wp-content\/uploads\/2022\/07\/Verdensmaal-ikon-05-150x150.png 150w, https:\/\/www.folkecenter.net\/wp-content\/uploads\/2022\/07\/Verdensmaal-ikon-05-768x768.png 768w, https:\/\/www.folkecenter.net\/wp-content\/uploads\/2022\/07\/Verdensmaal-ikon-05-1536x1536.png 1536w, https:\/\/www.folkecenter.net\/wp-content\/uploads\/2022\/07\/Verdensmaal-ikon-05-12x12.png 12w, https:\/\/www.folkecenter.net\/wp-content\/uploads\/2022\/07\/Verdensmaal-ikon-05-600x600.png 600w\" sizes=\"auto, (max-width: 700px) 100vw, 700px\" \/><\/figure><\/div><\/div>\n\n\n\n<div class=\"wp-block-column is-layout-flow wp-block-column-is-layout-flow\" style=\"flex-basis:66.66%\">\n<h2 class=\"wp-block-heading\">5. Verdensm\u00e5l: Ligestilling mellem k\u00f8nnene<\/h2>\n\n\n\n<p class=\"myText\">I Afrika bliver kvinder og b\u00f8rn, hovedsagelig piger, hjemme, da de skal opfylde deres pligter i husholdningen; det betyder ogs\u00e5, at man samler br\u00e6nde til b\u00e5let derhjemme for at tilberede maden, som er grundlaget for at overleve. B\u00f8rn, is\u00e6r piger, er derfor ikke i stand til at g\u00e5 i skole. Ved at give familier effektive og moderne, teknologier, s\u00e5som br\u00e6ndeovne og solgeneratoren, reduceres eller forsvinder m\u00e6ngden af \u200b\u200btr\u00e6, der skal indsamles, fuldst\u00e6ndigt. Og det resulterer i mindre eller ingen tid brugt til netop det.. Tiden kan i stedet bruges p\u00e5 at g\u00e5 i skole. Desuden overf\u00f8res teknologisk know how ikke kun til m\u00e6nd, men ogs\u00e5, og m\u00e5ske s\u00e6rligt, til kvinder - det hj\u00e6lper dem til at v\u00e6re mere ligev\u00e6rdige med hensyn til energiproduktion og -forbrug. Derudover opfordrer Nordisk Folkecenter ogs\u00e5 kvinder til at deltage i relevante uddannelser ved at give nedsatte deltagerbetalinger.<\/p>\n\n\n\n<div class=\"wp-block-group is-content-justification-center is-nowrap is-layout-flex wp-container-core-group-is-layout-94bc23d7 wp-block-group-is-layout-flex\">\n<div class=\"wp-block-buttons is-content-justification-center is-layout-flex wp-container-core-buttons-is-layout-16018d1d wp-block-buttons-is-layout-flex\">\n<div class=\"wp-block-button\"><a class=\"wp-block-button__link wp-element-button\" href=\"https:\/\/www.folkecenter.net\/da\/sun-generator\/\" style=\"border-radius:5px\">Solgenerator<\/a><\/div>\n<\/div>\n<\/div>\n<\/div>\n<\/div>\n\n\n\n<div style=\"height:20px;width:0px\" aria-hidden=\"true\" class=\"wp-block-spacer wp-container-content-62aae154\"><\/div>\n<\/div>\n\n\n\n<hr class=\"wp-block-separator has-alpha-channel-opacity is-style-wide\"\/>\n\n\n\n<div style=\"height:30px\" aria-hidden=\"true\" class=\"wp-block-spacer\"><\/div>\n\n\n\n<div class=\"wp-block-group is-nowrap is-layout-flex wp-container-core-group-is-layout-ad2f72ca wp-block-group-is-layout-flex\">\n<div class=\"wp-block-columns is-layout-flex wp-container-core-columns-is-layout-9d6595d7 wp-block-columns-is-layout-flex\">\n<div class=\"wp-block-column is-layout-flow wp-block-column-is-layout-flow\" style=\"flex-basis:33.33%\"><div class=\"wp-block-image\">\n<figure class=\"aligncenter size-full is-resized\"><img loading=\"lazy\" decoding=\"async\" width=\"700\" height=\"700\" src=\"https:\/\/www.folkecenter.net\/wp-content\/uploads\/2022\/07\/Verdensmaal-ikon-07.png\" alt=\"SDG 7\" class=\"wp-image-3057\" style=\"width:250px;height:250px\" srcset=\"https:\/\/www.folkecenter.net\/wp-content\/uploads\/2022\/07\/Verdensmaal-ikon-07.png 1654w, https:\/\/www.folkecenter.net\/wp-content\/uploads\/2022\/07\/Verdensmaal-ikon-07-300x300.png 300w, https:\/\/www.folkecenter.net\/wp-content\/uploads\/2022\/07\/Verdensmaal-ikon-07-1024x1024.png 1024w, https:\/\/www.folkecenter.net\/wp-content\/uploads\/2022\/07\/Verdensmaal-ikon-07-150x150.png 150w, https:\/\/www.folkecenter.net\/wp-content\/uploads\/2022\/07\/Verdensmaal-ikon-07-768x768.png 768w, https:\/\/www.folkecenter.net\/wp-content\/uploads\/2022\/07\/Verdensmaal-ikon-07-1536x1536.png 1536w, https:\/\/www.folkecenter.net\/wp-content\/uploads\/2022\/07\/Verdensmaal-ikon-07-12x12.png 12w, https:\/\/www.folkecenter.net\/wp-content\/uploads\/2022\/07\/Verdensmaal-ikon-07-600x600.png 600w\" sizes=\"auto, (max-width: 700px) 100vw, 700px\" \/><\/figure><\/div><\/div>\n\n\n\n<div class=\"wp-block-column is-layout-flow wp-block-column-is-layout-flow\" style=\"flex-basis:66.66%\">\n<h2 class=\"wp-block-heading\">7. Verdensm\u00e5l: B\u00e6redygtig energi<\/h2>\n\n\n\n<p class=\"myText\">Folkecenteret g\u00f8r sit bedste for at \u00f8ge andelen af \u200b\u200bvedvarende energi p\u00e5 verdensplan og udbrede den - is\u00e6r til regioner, der har stort behov for ren energi, og som er mere s\u00e5rbare over for virkningerne af klima\u00e6ndringer. Energieffektivitet, sol-, vind- og biobr\u00e6ndselsl\u00f8sninger er blot nogle eksempler p\u00e5 teknologier, Folkecenteret fort\u00e6ller om, underviser og uddanner i. Folk kan l\u00e6re eller blive tr\u00e6net i l\u00f8sninger, som allerede har vist sig at virke, s\u00e5 de kan komme v\u00e6k fra skadelige br\u00e6ndstoffer og forbedre deres levevilk\u00e5r ved hj\u00e6lp af vedvarende energi. Alt dette p\u00e5 en demokratisk m\u00e5de.<\/p>\n\n\n\n<p class=\"myText\"><\/p>\n\n\n\n<p class=\"myText\"><\/p>\n<\/div>\n<\/div>\n\n\n\n<div style=\"height:20px;width:0px\" aria-hidden=\"true\" class=\"wp-block-spacer wp-container-content-62aae154\"><\/div>\n<\/div>\n\n\n\n<hr class=\"wp-block-separator has-alpha-channel-opacity is-style-wide\"\/>\n\n\n\n<div style=\"height:30px\" aria-hidden=\"true\" class=\"wp-block-spacer\"><\/div>\n\n\n\n<div class=\"wp-block-group is-nowrap is-layout-flex wp-container-core-group-is-layout-ad2f72ca wp-block-group-is-layout-flex\">\n<div class=\"wp-block-columns is-layout-flex wp-container-core-columns-is-layout-9d6595d7 wp-block-columns-is-layout-flex\">\n<div class=\"wp-block-column is-layout-flow wp-block-column-is-layout-flow\" style=\"flex-basis:33.33%\"><div class=\"wp-block-image\">\n<figure class=\"aligncenter size-full is-resized\"><img loading=\"lazy\" decoding=\"async\" width=\"700\" height=\"700\" src=\"https:\/\/www.folkecenter.net\/wp-content\/uploads\/2022\/07\/Verdensmaal-ikon-08.png\" alt=\"SDG 8\" class=\"wp-image-3058\" style=\"width:250px;height:250px\" srcset=\"https:\/\/www.folkecenter.net\/wp-content\/uploads\/2022\/07\/Verdensmaal-ikon-08.png 1654w, https:\/\/www.folkecenter.net\/wp-content\/uploads\/2022\/07\/Verdensmaal-ikon-08-300x300.png 300w, https:\/\/www.folkecenter.net\/wp-content\/uploads\/2022\/07\/Verdensmaal-ikon-08-1024x1024.png 1024w, https:\/\/www.folkecenter.net\/wp-content\/uploads\/2022\/07\/Verdensmaal-ikon-08-150x150.png 150w, https:\/\/www.folkecenter.net\/wp-content\/uploads\/2022\/07\/Verdensmaal-ikon-08-768x768.png 768w, https:\/\/www.folkecenter.net\/wp-content\/uploads\/2022\/07\/Verdensmaal-ikon-08-1536x1536.png 1536w, https:\/\/www.folkecenter.net\/wp-content\/uploads\/2022\/07\/Verdensmaal-ikon-08-12x12.png 12w, https:\/\/www.folkecenter.net\/wp-content\/uploads\/2022\/07\/Verdensmaal-ikon-08-600x600.png 600w\" sizes=\"auto, (max-width: 700px) 100vw, 700px\" \/><\/figure><\/div><\/div>\n\n\n\n<div class=\"wp-block-column is-layout-flow wp-block-column-is-layout-flow\" style=\"flex-basis:66.66%\">\n<h2 class=\"wp-block-heading\">8. Verdensm\u00e5l: Anst\u00e6ndige jobs og \u00f8konomisk v\u00e6kst<\/h2>\n\n\n\n<p class=\"myText\">Sm\u00e5 og mellemstore virksomheder (SMV'er) spiller en stor rolle i samfundet, hvorfor Folkecenteret har et anderledes samarbejde med dem. Nordisk Folkecenter hj\u00e6lper dem med at finde finansiering, foretage markedsanalyser, bygge og teste prototyper og ogs\u00e5 teste dem. Desuden kan SMV'er deltage i et af uddannelsesprogrammerne for at opbygge viden om vedvarende og b\u00e6redygtig energi, som derefter kan bruges i deres daglige drift. St\u00f8tten fra mikro SMV, (2-20 ansatte) er med til at holde balancen mellem store og sm\u00e5 virksomheder, s\u00e5 de sidste har en chance for at overleve, tjene penge og v\u00e6re en del af markedet.<\/p>\n\n\n\n<div class=\"wp-block-buttons is-layout-flex wp-block-buttons-is-layout-flex\">\n<div class=\"wp-block-button\"><a class=\"wp-block-button__link wp-element-button\" href=\"https:\/\/www.folkecenter.net\/da\/renewable-energy-implementation-in-developing-countries\/\" style=\"border-radius:5px\">Implementering af vedvarende energi i udviklingslande<\/a><\/div>\n<\/div>\n\n\n\n<p class=\"myText\"><\/p>\n<\/div>\n<\/div>\n\n\n\n<div style=\"height:20px;width:0px\" aria-hidden=\"true\" class=\"wp-block-spacer wp-container-content-62aae154\"><\/div>\n<\/div>\n\n\n\n<hr class=\"wp-block-separator has-alpha-channel-opacity is-style-wide\"\/>\n\n\n\n<div style=\"height:30px\" aria-hidden=\"true\" class=\"wp-block-spacer\"><\/div>\n\n\n\n<div class=\"wp-block-group is-nowrap is-layout-flex wp-container-core-group-is-layout-ad2f72ca wp-block-group-is-layout-flex\">\n<div class=\"wp-block-columns is-layout-flex wp-container-core-columns-is-layout-9d6595d7 wp-block-columns-is-layout-flex\">\n<div class=\"wp-block-column is-layout-flow wp-block-column-is-layout-flow\" style=\"flex-basis:33.33%\"><div class=\"wp-block-image\">\n<figure class=\"aligncenter size-full is-resized\"><img loading=\"lazy\" decoding=\"async\" width=\"700\" height=\"700\" src=\"https:\/\/www.folkecenter.net\/wp-content\/uploads\/2022\/07\/Verdensmaal-ikon-10.png\" alt=\"SDG 10\" class=\"wp-image-3059\" style=\"width:250px;height:250px\" srcset=\"https:\/\/www.folkecenter.net\/wp-content\/uploads\/2022\/07\/Verdensmaal-ikon-10.png 1654w, https:\/\/www.folkecenter.net\/wp-content\/uploads\/2022\/07\/Verdensmaal-ikon-10-300x300.png 300w, https:\/\/www.folkecenter.net\/wp-content\/uploads\/2022\/07\/Verdensmaal-ikon-10-1024x1024.png 1024w, https:\/\/www.folkecenter.net\/wp-content\/uploads\/2022\/07\/Verdensmaal-ikon-10-150x150.png 150w, https:\/\/www.folkecenter.net\/wp-content\/uploads\/2022\/07\/Verdensmaal-ikon-10-768x768.png 768w, https:\/\/www.folkecenter.net\/wp-content\/uploads\/2022\/07\/Verdensmaal-ikon-10-1536x1536.png 1536w, https:\/\/www.folkecenter.net\/wp-content\/uploads\/2022\/07\/Verdensmaal-ikon-10-12x12.png 12w, https:\/\/www.folkecenter.net\/wp-content\/uploads\/2022\/07\/Verdensmaal-ikon-10-600x600.png 600w\" sizes=\"auto, (max-width: 700px) 100vw, 700px\" \/><\/figure><\/div><\/div>\n\n\n\n<div class=\"wp-block-column is-layout-flow wp-block-column-is-layout-flow\" style=\"flex-basis:66.66%\">\n<h2 class=\"wp-block-heading\">10. Verdensm\u00e5l: Mindre ulighed<\/h2>\n\n\n\n<p class=\"myText\">Med projektet \"Light over Africa\" yder Folkecenteret et stort bidrag til at mindske uligheder, da det er med til at belyse husstande og skoler, men ogs\u00e5, metaforisk, hoveder. Projektet giver ikke kun b\u00f8rn mulighed for at l\u00e6re, men ogs\u00e5 voksne; p\u00e5 grund af arbejde er sidstn\u00e6vnte hovedsagelig kun i stand til at tage kurser om natten, n\u00e5r der er lidt lys til r\u00e5dighed. Folkecenteret foresl\u00e5r en l\u00f8sning, som kombinerer solenergi, LED-teknologi og batterier (eller powerbanks) for at l\u00f8se dette problem. LED'er kr\u00e6ver kun f\u00e5 watt, hvilket g\u00f8r disse installationer meget overkommelige og effektive (en hel klasse kan forbruge s\u00e5 lidt som 9 W, hvilket er 1\/10 af et konventionelt p\u00e6reforbrug). Ydermere spreder Folkecenteret viden og teknologi til udviklingslande via uddannelsesforl\u00f8b, som mindsker uligheder, da folk selv kan bygge og forst\u00e5 teknologierne og udnytte denne viden. S\u00e5ledes har ogs\u00e5 udviklingslande mulighed for at forbedre deres folks leve- og arbejdsvilk\u00e5r.<\/p>\n\n\n\n<div class=\"wp-block-buttons is-layout-flex wp-block-buttons-is-layout-flex\">\n<div class=\"wp-block-button\"><a class=\"wp-block-button__link wp-element-button\" href=\"https:\/\/www.folkecenter.net\/da\/light-over-africa\/\" style=\"border-radius:5px\">Light over Africa<\/a><\/div>\n<\/div>\n\n\n\n<p class=\"myText\"><\/p>\n<\/div>\n<\/div>\n\n\n\n<div style=\"height:20px;width:0px\" aria-hidden=\"true\" class=\"wp-block-spacer wp-container-content-62aae154\"><\/div>\n<\/div>\n\n\n\n<hr class=\"wp-block-separator has-alpha-channel-opacity is-style-wide\"\/>\n\n\n\n<div style=\"height:30px\" aria-hidden=\"true\" class=\"wp-block-spacer\"><\/div>\n\n\n\n<div class=\"wp-block-group is-nowrap is-layout-flex wp-container-core-group-is-layout-ad2f72ca wp-block-group-is-layout-flex\">\n<div class=\"wp-block-columns is-layout-flex wp-container-core-columns-is-layout-9d6595d7 wp-block-columns-is-layout-flex\">\n<div class=\"wp-block-column is-layout-flow wp-block-column-is-layout-flow\" style=\"flex-basis:33.33%\"><div class=\"wp-block-image\">\n<figure class=\"aligncenter size-full is-resized\"><img loading=\"lazy\" decoding=\"async\" width=\"700\" height=\"700\" src=\"https:\/\/www.folkecenter.net\/wp-content\/uploads\/2022\/07\/Verdensmaal-ikon-13.png\" alt=\"SDG 13\" class=\"wp-image-3061\" style=\"width:250px;height:250px\" srcset=\"https:\/\/www.folkecenter.net\/wp-content\/uploads\/2022\/07\/Verdensmaal-ikon-13.png 1654w, https:\/\/www.folkecenter.net\/wp-content\/uploads\/2022\/07\/Verdensmaal-ikon-13-300x300.png 300w, https:\/\/www.folkecenter.net\/wp-content\/uploads\/2022\/07\/Verdensmaal-ikon-13-1024x1024.png 1024w, https:\/\/www.folkecenter.net\/wp-content\/uploads\/2022\/07\/Verdensmaal-ikon-13-150x150.png 150w, https:\/\/www.folkecenter.net\/wp-content\/uploads\/2022\/07\/Verdensmaal-ikon-13-768x768.png 768w, https:\/\/www.folkecenter.net\/wp-content\/uploads\/2022\/07\/Verdensmaal-ikon-13-1536x1536.png 1536w, https:\/\/www.folkecenter.net\/wp-content\/uploads\/2022\/07\/Verdensmaal-ikon-13-12x12.png 12w, https:\/\/www.folkecenter.net\/wp-content\/uploads\/2022\/07\/Verdensmaal-ikon-13-600x600.png 600w\" sizes=\"auto, (max-width: 700px) 100vw, 700px\" \/><\/figure><\/div><\/div>\n\n\n\n<div class=\"wp-block-column is-layout-flow wp-block-column-is-layout-flow\" style=\"flex-basis:66.66%\">\n<h2 class=\"wp-block-heading\">13. Verdensm\u00e5l: Klimaindsats<\/h2>\n\n\n\n<p class=\"myText\">Folkecenteret g\u00f8r opm\u00e6rksom p\u00e5 at vedvarende energi er en n\u00f8dvendighed for at mindske klimaforandringernes indvirkning p\u00e5 menneskers liv. Det sker ved uddannelse, politisk arbejde, deltagelse i internationale m\u00f8der (bl.a. COP15-COP26) og samarbejde med lokalsamfund i s\u00e5vel Danmark som udlandet. Samarbejdet i udviklingslandene foreg\u00e5r hovedsageligt gennem lokale ngo'er. Vi har i \u00f8jeblikket Folkecentre i b\u00e5de Mali, Uganda, Chile og flere er planlagt.<\/p>\n\n\n\n<p class=\"myText\"><\/p>\n\n\n\n<p class=\"myText\"><\/p>\n<\/div>\n<\/div>\n\n\n\n<div style=\"height:20px;width:0px\" aria-hidden=\"true\" class=\"wp-block-spacer wp-container-content-62aae154\"><\/div>\n<\/div>\n\n\n\n<hr class=\"wp-block-separator has-alpha-channel-opacity is-style-wide\"\/>\n\n\n\n<div style=\"height:30px\" aria-hidden=\"true\" class=\"wp-block-spacer\"><\/div>\n\n\n\n<div class=\"wp-block-group is-nowrap is-layout-flex wp-container-core-group-is-layout-ad2f72ca wp-block-group-is-layout-flex\">\n<div class=\"wp-block-columns is-layout-flex wp-container-core-columns-is-layout-9d6595d7 wp-block-columns-is-layout-flex\">\n<div class=\"wp-block-column is-layout-flow wp-block-column-is-layout-flow\" style=\"flex-basis:33.33%\"><div class=\"wp-block-image\">\n<figure class=\"aligncenter size-full is-resized\"><img loading=\"lazy\" decoding=\"async\" width=\"700\" height=\"700\" src=\"https:\/\/www.folkecenter.net\/wp-content\/uploads\/2022\/07\/Verdensmaal-ikon-16.png\" alt=\"SDG 16\" class=\"wp-image-3062\" style=\"width:250px;height:250px\" srcset=\"https:\/\/www.folkecenter.net\/wp-content\/uploads\/2022\/07\/Verdensmaal-ikon-16.png 1654w, https:\/\/www.folkecenter.net\/wp-content\/uploads\/2022\/07\/Verdensmaal-ikon-16-300x300.png 300w, https:\/\/www.folkecenter.net\/wp-content\/uploads\/2022\/07\/Verdensmaal-ikon-16-1024x1024.png 1024w, https:\/\/www.folkecenter.net\/wp-content\/uploads\/2022\/07\/Verdensmaal-ikon-16-150x150.png 150w, https:\/\/www.folkecenter.net\/wp-content\/uploads\/2022\/07\/Verdensmaal-ikon-16-768x768.png 768w, https:\/\/www.folkecenter.net\/wp-content\/uploads\/2022\/07\/Verdensmaal-ikon-16-1536x1536.png 1536w, https:\/\/www.folkecenter.net\/wp-content\/uploads\/2022\/07\/Verdensmaal-ikon-16-12x12.png 12w, https:\/\/www.folkecenter.net\/wp-content\/uploads\/2022\/07\/Verdensmaal-ikon-16-600x600.png 600w\" sizes=\"auto, (max-width: 700px) 100vw, 700px\" \/><\/figure><\/div><\/div>\n\n\n\n<div class=\"wp-block-column is-layout-flow wp-block-column-is-layout-flow\" style=\"flex-basis:66.66%\">\n<h2 class=\"wp-block-heading\">16. Verdensm\u00e5l: Fred, retf\u00e6rdighed og st\u00e6rke institutioner<\/h2>\n\n\n\n<p class=\"myText\">Her p\u00e5 Nordisk Folkecenter er der mange forskellige nationaliteter repr\u00e6senteret. Ikke kun folk fra Danmark eller Europa deltager i trainee-forl\u00f8bet - vores trainees kommer fra hele verden. Der er intet kontinent, hvor vi ikke har haft trainees fra, og vi er stolte af at kunne sige, at folk fra n\u00e6sten alle lande i verden har bes\u00f8gt Folkecenteret. Ved at s\u00e6tte trainees og medarbejdere i stand til at (sam)arbejde og leve i et s\u00e5 forskelligartet arbejdsmilj\u00f8, yder Folkecenteret et stort bidrag til at mindske fordomme og meget almindelige stereotyper mellem forskellige kulturer. Alle har mulighed for at komme i kontakt med nye kulturer, opbygge nye venskaber og kontakter over hele verden. At v\u00e6re mere fordomsfri og se at, ja, vi er alle forskellige, men samtidig lige, hj\u00e6lper med at reducere frygten for den \"anden\" og forbedrer f\u00f8lelsen af \u200b\u200ben forenet og lige verden.<\/p>\n\n\n\n<div class=\"wp-block-buttons is-layout-flex wp-block-buttons-is-layout-flex\">\n<div class=\"wp-block-button\"><a class=\"wp-block-button__link wp-element-button\" href=\"https:\/\/www.folkecenter.net\/da\/trainee-program\/\" style=\"border-radius:5px\">Trainee-forl\u00f8b<\/a><\/div>\n<\/div>\n\n\n\n<p class=\"myText\"><\/p>\n<\/div>\n<\/div>\n\n\n\n<div style=\"height:20px;width:0px\" aria-hidden=\"true\" class=\"wp-block-spacer wp-container-content-62aae154\"><\/div>\n<\/div>\n\n\n\n<hr class=\"wp-block-separator has-alpha-channel-opacity is-style-wide\"\/>\n\n\n\n<div style=\"height:39px\" aria-hidden=\"true\" class=\"wp-block-spacer\"><\/div>\n\n\n\n<div class=\"wp-block-group is-nowrap is-layout-flex wp-container-core-group-is-layout-ad2f72ca wp-block-group-is-layout-flex\">\n<div class=\"wp-block-columns is-layout-flex wp-container-core-columns-is-layout-9d6595d7 wp-block-columns-is-layout-flex\">\n<div class=\"wp-block-column is-layout-flow wp-block-column-is-layout-flow\" style=\"flex-basis:33.33%\"><div class=\"wp-block-image\">\n<figure class=\"aligncenter size-full is-resized\"><img loading=\"lazy\" decoding=\"async\" width=\"700\" height=\"700\" src=\"https:\/\/www.folkecenter.net\/wp-content\/uploads\/2022\/07\/Verdensmaal-ikon-17.png\" alt=\"SDG 17\" class=\"wp-image-3063\" style=\"width:250px;height:250px\" srcset=\"https:\/\/www.folkecenter.net\/wp-content\/uploads\/2022\/07\/Verdensmaal-ikon-17.png 1654w, https:\/\/www.folkecenter.net\/wp-content\/uploads\/2022\/07\/Verdensmaal-ikon-17-300x300.png 300w, https:\/\/www.folkecenter.net\/wp-content\/uploads\/2022\/07\/Verdensmaal-ikon-17-1024x1024.png 1024w, https:\/\/www.folkecenter.net\/wp-content\/uploads\/2022\/07\/Verdensmaal-ikon-17-150x150.png 150w, https:\/\/www.folkecenter.net\/wp-content\/uploads\/2022\/07\/Verdensmaal-ikon-17-768x768.png 768w, https:\/\/www.folkecenter.net\/wp-content\/uploads\/2022\/07\/Verdensmaal-ikon-17-1536x1536.png 1536w, https:\/\/www.folkecenter.net\/wp-content\/uploads\/2022\/07\/Verdensmaal-ikon-17-12x12.png 12w, https:\/\/www.folkecenter.net\/wp-content\/uploads\/2022\/07\/Verdensmaal-ikon-17-600x600.png 600w\" sizes=\"auto, (max-width: 700px) 100vw, 700px\" \/><\/figure><\/div><\/div>\n\n\n\n<div class=\"wp-block-column is-layout-flow wp-block-column-is-layout-flow\" style=\"flex-basis:66.66%\">\n<h2 class=\"wp-block-heading\">17. Verdensm\u00e5l: Partnerskaber for handling<\/h2>\n\n\n\n<p class=\"myText\">Da det er sv\u00e6rt at n\u00e5 alle m\u00e5lene alene, er samarbejde med andre institutioner og organisationer n\u00f8dvendigt. Nordisk Folkecenter samarbejder ikke kun med organisationer i Danmark, men ogs\u00e5 i udlandet. Folkecentrene i Mali, Uganda og Chile muligg\u00f8r ogs\u00e5 netv\u00e6rket af mennesker, der arbejder sammen - og det giver dem endnu st\u00f8rre indflydelse. Det hj\u00e6lper med at komme hurtigere frem takket v\u00e6re den information, der deles mellem deltagerne, og den hj\u00e6lp, vi tilbyder hinanden.<\/p>\n\n\n\n<div class=\"wp-block-buttons is-layout-flex wp-block-buttons-is-layout-flex\">\n<div class=\"wp-block-button\"><a class=\"wp-block-button__link wp-element-button\" href=\"https:\/\/www.folkecenter.net\/da\/projects\/\" style=\"border-radius:5px\">Projekter og partnerskaber<\/a><\/div>\n<\/div>\n\n\n\n<p class=\"myText\"><\/p>\n\n\n\n<p class=\"myText\"><\/p>\n<\/div>\n<\/div>\n\n\n\n<div style=\"height:20px;width:0px\" aria-hidden=\"true\" class=\"wp-block-spacer wp-container-content-62aae154\"><\/div>\n<\/div>","protected":false},"excerpt":{"rendered":"<p>UN GOALS IN NORDIC FOLKECENTER Goal 1: No Poverty At Folkecenter a very powerful invention was developed: the Sun Generator. This device transforms DC electric current which is coming from &#8230;<\/p>","protected":false},"author":1,"featured_media":0,"parent":0,"menu_order":0,"comment_status":"closed","ping_status":"closed","template":"","meta":{"_uag_custom_page_level_css":"","footnotes":""},"folder":[50],"class_list":["post-3051","page","type-page","status-publish","hentry"],"uagb_featured_image_src":{"full":false,"thumbnail":false,"medium":false,"medium_large":false,"large":false,"1536x1536":false,"2048x2048":false,"trp-custom-language-flag":false,"mgb-medium":false,"mgb-vertical":false,"mgb-banner":false,"onepress-blog-small":false,"onepress-small":false,"onepress-medium":false},"uagb_author_info":{"display_name":"admin","author_link":"http:\/\/www.folkecenter.net\/da\/author\/admin\/"},"uagb_comment_info":0,"uagb_excerpt":"UN GOALS IN NORDIC FOLKECENTER Goal 1: No Poverty At Folkecenter a very powerful invention was developed: the Sun Generator. This device transforms DC electric current which is coming from ...","_links":{"self":[{"href":"http:\/\/www.folkecenter.net\/da\/wp-json\/wp\/v2\/pages\/3051","targetHints":{"allow":["GET"]}}],"collection":[{"href":"http:\/\/www.folkecenter.net\/da\/wp-json\/wp\/v2\/pages"}],"about":[{"href":"http:\/\/www.folkecenter.net\/da\/wp-json\/wp\/v2\/types\/page"}],"author":[{"embeddable":true,"href":"http:\/\/www.folkecenter.net\/da\/wp-json\/wp\/v2\/users\/1"}],"replies":[{"embeddable":true,"href":"http:\/\/www.folkecenter.net\/da\/wp-json\/wp\/v2\/comments?post=3051"}],"version-history":[{"count":0,"href":"http:\/\/www.folkecenter.net\/da\/wp-json\/wp\/v2\/pages\/3051\/revisions"}],"wp:attachment":[{"href":"http:\/\/www.folkecenter.net\/da\/wp-json\/wp\/v2\/media?parent=3051"}],"wp:term":[{"taxonomy":"folder","embeddable":true,"href":"http:\/\/www.folkecenter.net\/da\/wp-json\/wp\/v2\/folder?post=3051"}],"curies":[{"name":"wp","href":"https:\/\/api.w.org\/{rel}","templated":true}]}}